{"id":13449,"date":"2024-02-10T14:57:11","date_gmt":"2024-02-10T13:57:11","guid":{"rendered":"http:\/\/rfaskrl.cluster030.hosting.ovh.net\/?page_id=13449"},"modified":"2025-10-16T11:13:56","modified_gmt":"2025-10-16T09:13:56","slug":"le-concept-la-table-de-savoie-et-de-bretagne","status":"publish","type":"page","link":"https:\/\/latabledesavoieetbretagne.fr\/index.php\/le-concept-la-table-de-savoie-et-de-bretagne\/","title":{"rendered":"Le Concept la table de savoie et de bretagne"},"content":{"rendered":"\t\t<div data-elementor-type=\"wp-page\" data-elementor-id=\"13449\" class=\"elementor elementor-13449\">\n\t\t\t\t\t\t<section class=\"elementor-section elementor-top-section elementor-element elementor-element-06db61b elementor-section-stretched elementor-section-boxed elementor-section-height-default elementor-section-height-default\" data-id=\"06db61b\" data-element_type=\"section\" data-e-type=\"section\" data-settings=\"{&quot;stretch_section&quot;:&quot;section-stretched&quot;,&quot;background_background&quot;:&quot;slideshow&quot;,&quot;background_slideshow_gallery&quot;:[{&quot;id&quot;:13655,&quot;url&quot;:&quot;https:\\\/\\\/latabledesavoieetbretagne.fr\\\/wp-content\\\/uploads\\\/2024\\\/02\\\/Restaurant-La-table-de-Savoie-La-table-de-Bretagne-fondue-au-fromage-table.jpg&quot;}],&quot;background_slideshow_loop&quot;:&quot;yes&quot;,&quot;background_slideshow_slide_duration&quot;:5000,&quot;background_slideshow_slide_transition&quot;:&quot;fade&quot;,&quot;background_slideshow_transition_duration&quot;:500}\">\n\t\t\t\t\t\t\t<div class=\"elementor-background-overlay\"><\/div>\n\t\t\t\t\t\t\t<div class=\"elementor-container elementor-column-gap-default\">\n\t\t\t\t\t<div class=\"elementor-column elementor-col-100 elementor-top-column elementor-element elementor-element-8a201ba\" data-id=\"8a201ba\" data-element_type=\"column\" data-e-type=\"column\">\n\t\t\t<div class=\"elementor-widget-wrap elementor-element-populated\">\n\t\t\t\t\t\t<div class=\"elementor-element elementor-element-3eca775 elementor-widget elementor-widget-pix-heading\" data-id=\"3eca775\" data-element_type=\"widget\" data-e-type=\"widget\" data-widget_type=\"pix-heading.default\">\n\t\t\t\t<div class=\"elementor-widget-container\">\n\t\t\t\t\t<div  class=\"pix-heading-el text-center \"><h1 class=\"text-white font-weight-bold h1 heading-text el-title_custom_color mb-12\" style=\"\" data-anim-type=\"\" data-anim-delay=\"\">LE CONCEPT<\/h1><\/div>\t\t\t\t<\/div>\n\t\t\t\t<\/div>\n\t\t\t\t<div class=\"elementor-element elementor-element-ae02e27 elementor-invisible elementor-widget elementor-widget-pix-text\" data-id=\"ae02e27\" data-element_type=\"widget\" data-e-type=\"widget\" data-widget_type=\"pix-text.default\">\n\t\t\t\t<div class=\"elementor-widget-container\">\n\t\t\t\t\t<div class=\"pix-el-text w-100 text-center \" ><p class=\"text-20 resp-option text-light-opacity-8 text-center font-weight-bold\" ><span class=\"text-light-opacity-8 animate-in d-inline-block\" data-anim-delay=\"1200\" data-anim-type=\"fade-in-up\">LA TABLE <br> Table de Savoie  et  Table de Bretagne<\/span><\/p><\/div>\t\t\t\t<\/div>\n\t\t\t\t<\/div>\n\t\t\t\t\t<\/div>\n\t\t<\/div>\n\t\t\t\t\t<\/div>\n\t\t<\/section>\n\t\t\t\t<section class=\"elementor-section elementor-top-section elementor-element elementor-element-172ffd8 elementor-section-boxed elementor-section-height-default elementor-section-height-default\" data-id=\"172ffd8\" data-element_type=\"section\" data-e-type=\"section\">\n\t\t\t\t\t\t<div class=\"elementor-container elementor-column-gap-default\">\n\t\t\t\t\t<div class=\"elementor-column elementor-col-100 elementor-top-column elementor-element elementor-element-144ffb3\" data-id=\"144ffb3\" data-element_type=\"column\" data-e-type=\"column\">\n\t\t\t<div class=\"elementor-widget-wrap elementor-element-populated\">\n\t\t\t\t\t\t<div class=\"elementor-element elementor-element-7f0228f elementor-invisible elementor-widget elementor-widget-pix-icon\" data-id=\"7f0228f\" data-element_type=\"widget\" data-e-type=\"widget\" data-widget_type=\"pix-icon.default\">\n\t\t\t\t<div class=\"elementor-widget-container\">\n\t\t\t\t\t<div id=\"duo-icon-94833865\" class=\"pix-icon text-center \"><div class=\"pix-icon-bg rounded-circle d-inline-block feature_img bg-gradient-primary-light animate-in\" data-anim-type=\"fade-in-up\" data-anim-delay=\"0\" style=\" width:64.8px;height:64.8px;position:relative;line-height:64.8px;text-align:center;\"><span style=\"font-size:36px;line-height:36px;\" class=\"text-gradient-primary d-inline-flex align-middle\"><svg class=\"pixfort-icon \" width=\"36\" height=\"36\"  viewBox=\"2 2 20 20\"><g fill=\"none\" fill-rule=\"evenodd\"><path fill=\"var(--pf-icon-color)\" fill-opacity=\".25\" d=\"M11.5,3 C12.0522847,3 12.5,3.44771525 12.5,4 L12.5,8 C12.5,9.48625501 11.4192103,10.7200781 10.0006962,10.9584039 L10,20 C10,20.5522847 9.55228475,21 9,21 C8.44771525,21 8,20.5522847 8,20 L8.00029469,10.9585702 C6.58129303,10.7206526 5.5,9.48660106 5.5,8 L5.5,4 C5.5,3.44771525 5.94771525,3 6.5,3 C7.05228475,3 7.5,3.44771525 7.5,4 L7.5,8 C7.5,8.37008772 7.70104123,8.69321974 7.9998705,8.86614288 L8,4 C8,3.44771525 8.44771525,3 9,3 C9.55228475,3 10,3.44771525 10,4 L10.0011143,8.86557226 C10.2994004,8.69250951 10.5,8.36968103 10.5,8 L10.5,4 C10.5,3.44771525 10.9477153,3 11.5,3 Z\"\/><path fill=\"var(--pf-icon-color)\" d=\"M16.0384761,3.72527887 C16.3570445,2.61028914 18,2.84039317 18,4 L18,20 C18,20.5522847 17.5522847,21 17,21 C16.4477153,21 16,20.5522847 16,20 L16,12.618 L15.295095,12.2655815 C14.484908,11.860488 14.0544043,10.9663607 14.2269921,10.0910593 L14.2664743,9.92728487 L16.0384761,3.72527887 Z\"\/><\/g><\/svg><\/span><\/div><\/div>\t\t\t\t<\/div>\n\t\t\t\t<\/div>\n\t\t\t\t\t<\/div>\n\t\t<\/div>\n\t\t\t\t\t<\/div>\n\t\t<\/section>\n\t\t\t\t<section class=\"elementor-section elementor-top-section elementor-element elementor-element-07f5a23 elementor-section-stretched elementor-hidden-tablet elementor-hidden-mobile elementor-section-boxed elementor-section-height-default elementor-section-height-default\" data-id=\"07f5a23\" data-element_type=\"section\" data-e-type=\"section\" data-settings=\"{&quot;stretch_section&quot;:&quot;section-stretched&quot;,&quot;background_background&quot;:&quot;classic&quot;}\">\n\t\t\t\t\t\t<div class=\"elementor-container elementor-column-gap-default\">\n\t\t\t\t\t<div class=\"elementor-column elementor-col-50 elementor-top-column elementor-element elementor-element-e1b854a\" data-id=\"e1b854a\" data-element_type=\"column\" data-e-type=\"column\">\n\t\t\t<div class=\"elementor-widget-wrap elementor-element-populated\">\n\t\t\t\t\t\t<div class=\"elementor-element elementor-element-92ededf elementor-widget elementor-widget-pix-sliding-text\" data-id=\"92ededf\" data-element_type=\"widget\" data-e-type=\"widget\" data-widget_type=\"pix-sliding-text.default\">\n\t\t\t\t<div class=\"elementor-widget-container\">\n\t\t\t\t\t<div id=\"el-92ededf\" class=\"mb-3 text-left \"><div class=\"d-inline-block\" style=\"max-width:700px;\"><h2 class=\"mb-32 pix-sliding-headline-2 animate-in font-weight-bold secondary-font \" data-anim-type=\"pix-sliding-text\" pix-anim-delay=\"500\" data-class=\"secondary-font text-gradient-primary\" style=\"\"><span class=\"slide-in-container \"><span class=\"pix-sliding-item secondary-font text-gradient-primary\" style=\"transition-delay: 0ms;\">Un&#32;<\/span><\/span> <span class=\"slide-in-container \"><span class=\"pix-sliding-item secondary-font text-gradient-primary\" style=\"transition-delay: 150ms;\">lieu&#32;<\/span><\/span> <span class=\"slide-in-container \"><span class=\"pix-sliding-item secondary-font text-gradient-primary\" style=\"transition-delay: 300ms;\">de&#32;<\/span><\/span> <span class=\"slide-in-container \"><span class=\"pix-sliding-item secondary-font text-gradient-primary\" style=\"transition-delay: 450ms;\">rencontre&#32;<\/span><\/span> <span class=\"slide-in-container \"><span class=\"pix-sliding-item secondary-font text-gradient-primary\" style=\"transition-delay: 600ms;\">pour&#32;<\/span><\/span> <span class=\"slide-in-container \"><span class=\"pix-sliding-item secondary-font text-gradient-primary\" style=\"transition-delay: 750ms;\">deux&#32;<\/span><\/span> <span class=\"slide-in-container \"><span class=\"pix-sliding-item secondary-font text-gradient-primary\" style=\"transition-delay: 900ms;\">univers&#32;<\/span><\/span> <\/h2><\/div><\/div>\t\t\t\t<\/div>\n\t\t\t\t<\/div>\n\t\t\t\t<div class=\"elementor-element elementor-element-3798af2 elementor-invisible elementor-widget elementor-widget-pix-text\" data-id=\"3798af2\" data-element_type=\"widget\" data-e-type=\"widget\" data-widget_type=\"pix-text.default\">\n\t\t\t\t<div class=\"elementor-widget-container\">\n\t\t\t\t\t<div class=\"pix-el-text w-100 text-left \" ><div class=\"d-inline-block\" style=\"max-width:800px;\"><p class=\"text-20 resp-option text-body-default text-left \" ><span class=\"text-body-default animate-in d-inline-block\" data-anim-delay=\"1000\" data-anim-type=\"fade-in-up\">La Table  c'est un cadre moderne et cosy o\u00f9 familles, amis et coll\u00e8gues sont r\u00e9unis pour partager un moment de plaisir et de convivialit\u00e9.<\/span><\/p><\/div><\/div>\t\t\t\t<\/div>\n\t\t\t\t<\/div>\n\t\t\t\t<div class=\"elementor-element elementor-element-113bc0b elementor-widget elementor-widget-pix-button\" data-id=\"113bc0b\" data-element_type=\"widget\" data-e-type=\"widget\" data-widget_type=\"pix-button.default\">\n\t\t\t\t<div class=\"elementor-widget-container\">\n\t\t\t\t\t\n<div class=\"d-block w-100 text-left\"><a  href=\"https:\/\/latabledesavoieetbretagne.fr\/index.php\/le-menu-la-table-de-savoie-et-de-bretagne\/\" class=\"btn m-0     shadow shadow-hover text-white btn-primary d-inline-flex align-items-center pix-hover-item       animate-in pix-btn-div btn-lg\"   data-anim-type=\"fade-in-left\" data-anim-delay=\"1000\" ><svg class=\"pixfort-icon font-weight-bold  pix-hover-left  mr-2\" width=\"24\" height=\"24\"  viewBox=\"2 2 20 20\"><path fill=\"none\" stroke=\"var(--pf-icon-color)\" stroke-linecap=\"round\" stroke-linejoin=\"round\" stroke-width=\"var(--pf-icon-stroke-width)\" d=\"M12,21 C16.9705627,21 21,16.9705627 21,12 C21,7.02943725 16.9705627,3 12,3 C7.02943725,3 3,7.02943725 3,12 C3,16.9705627 7.02943725,21 12,21 Z M16.5,19.7296991 L16.5,8 L14.7279983,14.202006 C14.5957983,14.6647058 14.8118968,15.1559484 15.2423086,15.3711543 L16.5,16 L16.5,16 M7,8 L7,12 C7,13.1045695 7.8954305,14 9,14 L10,14 C11.1045695,14 12,13.1045695 12,12 L12,8 L12,8 M9.5,8 L9.5,20.6060634\"\/><\/svg><span class=\"font-weight-bold \" >D\u00e9couvrez notre carte<\/span><\/a><\/div>\t\t\t\t<\/div>\n\t\t\t\t<\/div>\n\t\t\t\t\t<\/div>\n\t\t<\/div>\n\t\t\t\t<div class=\"elementor-column elementor-col-50 elementor-top-column elementor-element elementor-element-e9b27eb\" data-id=\"e9b27eb\" data-element_type=\"column\" data-e-type=\"column\">\n\t\t\t<div class=\"elementor-widget-wrap elementor-element-populated\">\n\t\t\t\t\t\t<div class=\"elementor-element elementor-element-5086d6a elementor-widget__width-initial elementor-widget elementor-widget-pix-img-carousel\" data-id=\"5086d6a\" data-element_type=\"widget\" data-e-type=\"widget\" data-widget_type=\"pix-img-carousel.default\">\n\t\t\t\t<div class=\"elementor-widget-container\">\n\t\t\t\t\t<div class=\"\"><div id=\"pix-slider-130370925\" class=\"pix-main-slider pix-fix-x2  pix-style-standard pix-circular-left   pix-slider-1 pix-slider-dots  \" data-flickity='{\"autoPlay\":2500,\"freeScroll\":false,\"prevNextButtons\":false,\"wrapAround\":true,\"pageDots\":true,\"adaptiveHeight\":false,\"rightToLeft\":false,\"cellAlign\":\"center\",\"contain\":true,\"slider_effect\":\"pix-circular-left\",\"pix_id\":\"#pix-slider-130370925\"}'><div class=\"carousel-cell\"><div class=\"slide-inner pix-p-10\"><div class=\"pix-slider-effects\"><div class=\"\"><div class=\"text-left w-100 d-inline-block rounded-lg\"  ><img fetchpriority=\"high\" decoding=\"async\" class=\"card-img rounded-lg h-100\" width=\"506\" height=\"314\" srcset=\"https:\/\/latabledesavoieetbretagne.fr\/wp-content\/uploads\/2024\/04\/Restaurant-La-table-de-Savoie-La-table-de-Bretagne-photo-new-amabance-1--300x186.jpg 300w, https:\/\/latabledesavoieetbretagne.fr\/wp-content\/uploads\/2024\/04\/Restaurant-La-table-de-Savoie-La-table-de-Bretagne-photo-new-amabance-1-.jpg 506w\" sizes=\"(max-width: 506px) 100vw, 506px\" src=\"https:\/\/latabledesavoieetbretagne.fr\/wp-content\/uploads\/2024\/04\/Restaurant-La-table-de-Savoie-La-table-de-Bretagne-photo-new-amabance-1-.jpg\" alt=\"\" style=\"\"\/><\/div><\/div><\/div><\/div><\/div><div class=\"carousel-cell\"><div class=\"slide-inner pix-p-10\"><div class=\"pix-slider-effects\"><div class=\"\"><div class=\"text-left w-100 d-inline-block rounded-lg\"  ><img decoding=\"async\" class=\"card-img rounded-lg h-100\" width=\"506\" height=\"314\" srcset=\"https:\/\/latabledesavoieetbretagne.fr\/wp-content\/uploads\/2024\/04\/Restaurant-La-table-de-Savoie-La-table-de-Bretagne-photo-new-amabance-2--300x186.jpg 300w, https:\/\/latabledesavoieetbretagne.fr\/wp-content\/uploads\/2024\/04\/Restaurant-La-table-de-Savoie-La-table-de-Bretagne-photo-new-amabance-2-.jpg 506w\" sizes=\"(max-width: 506px) 100vw, 506px\" src=\"https:\/\/latabledesavoieetbretagne.fr\/wp-content\/uploads\/2024\/04\/Restaurant-La-table-de-Savoie-La-table-de-Bretagne-photo-new-amabance-2-.jpg\" alt=\"\" style=\"\"\/><\/div><\/div><\/div><\/div><\/div><div class=\"carousel-cell\"><div class=\"slide-inner pix-p-10\"><div class=\"pix-slider-effects\"><div class=\"\"><div class=\"text-left w-100 d-inline-block rounded-lg\"  ><img decoding=\"async\" class=\"card-img rounded-lg h-100\" width=\"506\" height=\"314\" srcset=\"https:\/\/latabledesavoieetbretagne.fr\/wp-content\/uploads\/2024\/04\/Restaurant-La-table-de-Savoie-La-table-de-Bretagne-photo-new-amabance-3--300x186.jpg 300w, https:\/\/latabledesavoieetbretagne.fr\/wp-content\/uploads\/2024\/04\/Restaurant-La-table-de-Savoie-La-table-de-Bretagne-photo-new-amabance-3-.jpg 506w\" sizes=\"(max-width: 506px) 100vw, 506px\" src=\"https:\/\/latabledesavoieetbretagne.fr\/wp-content\/uploads\/2024\/04\/Restaurant-La-table-de-Savoie-La-table-de-Bretagne-photo-new-amabance-3-.jpg\" alt=\"\" style=\"\"\/><\/div><\/div><\/div><\/div><\/div><div class=\"carousel-cell\"><div class=\"slide-inner pix-p-10\"><div class=\"pix-slider-effects\"><div class=\"\"><div class=\"text-left w-100 d-inline-block rounded-lg\"  ><img loading=\"lazy\" decoding=\"async\" class=\"card-img rounded-lg h-100\" width=\"506\" height=\"314\" srcset=\"https:\/\/latabledesavoieetbretagne.fr\/wp-content\/uploads\/2024\/04\/Restaurant-La-table-de-Savoie-La-table-de-Bretagne-photo-new-amabance-4--300x186.jpg 300w, https:\/\/latabledesavoieetbretagne.fr\/wp-content\/uploads\/2024\/04\/Restaurant-La-table-de-Savoie-La-table-de-Bretagne-photo-new-amabance-4-.jpg 506w\" sizes=\"(max-width: 506px) 100vw, 506px\" src=\"https:\/\/latabledesavoieetbretagne.fr\/wp-content\/uploads\/2024\/04\/Restaurant-La-table-de-Savoie-La-table-de-Bretagne-photo-new-amabance-4-.jpg\" alt=\"\" style=\"\"\/><\/div><\/div><\/div><\/div><\/div><div class=\"carousel-cell\"><div class=\"slide-inner pix-p-10\"><div class=\"pix-slider-effects\"><div class=\"\"><div class=\"text-left w-100 d-inline-block rounded-lg\"  ><img loading=\"lazy\" decoding=\"async\" class=\"card-img rounded-lg h-100\" width=\"506\" height=\"314\" srcset=\"https:\/\/latabledesavoieetbretagne.fr\/wp-content\/uploads\/2024\/04\/Restaurant-La-table-de-Savoie-La-table-de-Bretagne-photo-new-amabance-5--300x186.jpg 300w, https:\/\/latabledesavoieetbretagne.fr\/wp-content\/uploads\/2024\/04\/Restaurant-La-table-de-Savoie-La-table-de-Bretagne-photo-new-amabance-5-.jpg 506w\" sizes=\"(max-width: 506px) 100vw, 506px\" src=\"https:\/\/latabledesavoieetbretagne.fr\/wp-content\/uploads\/2024\/04\/Restaurant-La-table-de-Savoie-La-table-de-Bretagne-photo-new-amabance-5-.jpg\" alt=\"\" style=\"\"\/><\/div><\/div><\/div><\/div><\/div><\/div><\/div>\t\t\t\t<\/div>\n\t\t\t\t<\/div>\n\t\t\t\t\t<\/div>\n\t\t<\/div>\n\t\t\t\t\t<\/div>\n\t\t<\/section>\n\t\t\t\t<section class=\"elementor-section elementor-top-section elementor-element elementor-element-8937b32 elementor-section-stretched elementor-hidden-tablet elementor-hidden-mobile elementor-section-boxed elementor-section-height-default elementor-section-height-default\" data-id=\"8937b32\" data-element_type=\"section\" data-e-type=\"section\" data-settings=\"{&quot;stretch_section&quot;:&quot;section-stretched&quot;,&quot;background_background&quot;:&quot;classic&quot;}\">\n\t\t\t\t\t\t<div class=\"elementor-container elementor-column-gap-default\">\n\t\t\t\t\t<div class=\"elementor-column elementor-col-100 elementor-top-column elementor-element elementor-element-8702e3e\" data-id=\"8702e3e\" data-element_type=\"column\" data-e-type=\"column\">\n\t\t\t<div class=\"elementor-widget-wrap elementor-element-populated\">\n\t\t\t\t\t\t<div class=\"elementor-element elementor-element-7688509 elementor-invisible elementor-widget elementor-widget-pix-heading\" data-id=\"7688509\" data-element_type=\"widget\" data-e-type=\"widget\" data-widget_type=\"pix-heading.default\">\n\t\t\t\t<div class=\"elementor-widget-container\">\n\t\t\t\t\t<div  class=\"pix-heading-el text-left \"><h3 class=\"font-weight-bold h3 animate-in heading-text el-title_custom_color mb-12\" style=\"\" data-anim-type=\"slide-in-up\" data-anim-delay=\"0\">La d\u00e9couverte de plats de saisons mais aussi de sp\u00e9cialit\u00e9s  <br>   Savoyardes et Bretonnes<\/h3><\/div>\t\t\t\t<\/div>\n\t\t\t\t<\/div>\n\t\t\t\t<div class=\"elementor-element elementor-element-8e6a561 elementor-invisible elementor-widget elementor-widget-pix-text\" data-id=\"8e6a561\" data-element_type=\"widget\" data-e-type=\"widget\" data-widget_type=\"pix-text.default\">\n\t\t\t\t<div class=\"elementor-widget-container\">\n\t\t\t\t\t<div class=\"pix-el-text w-100 text-left \" ><p class=\"text-20 resp-option  text-left \" ><span class=\" animate-in d-inline-block\" data-anim-delay=\"200\" data-anim-type=\"fade-in-up\">Un univers chaleureux, mariant parfaitement tendance et raffinement. <\/span><\/p><\/div>\t\t\t\t<\/div>\n\t\t\t\t<\/div>\n\t\t\t\t<div class=\"elementor-element elementor-element-dec3300 elementor-invisible elementor-widget elementor-widget-pix-text\" data-id=\"dec3300\" data-element_type=\"widget\" data-e-type=\"widget\" data-widget_type=\"pix-text.default\">\n\t\t\t\t<div class=\"elementor-widget-container\">\n\t\t\t\t\t<div class=\"pix-el-text w-100 text-left \" ><p class=\"text-20 resp-option  text-left \" ><span class=\" animate-in d-inline-block\" data-anim-delay=\"200\" data-anim-type=\"fade-in-up\"><b>C'est une carte innovante et cr\u00e9ative qui vous fera d\u00e9couvrir ou red\u00e9couvrir les d\u00e9lices de la cuisine traditionnelle et de ces deux r\u00e9gions accompagn\u00e9s d'un grand choix de vins et de cidres.<\/b> <br> Des plats traditionnelles de saisons aux incontournables galettes de sarrasin \u00e0 nos renversants dessert maison, nos chefs revisitent les grands classiques et am\u00e8nent qualit\u00e9 et g\u00e9n\u00e9rosit\u00e9 dans vos assiettes.<\/span><\/p><\/div>\t\t\t\t<\/div>\n\t\t\t\t<\/div>\n\t\t\t\t\t<\/div>\n\t\t<\/div>\n\t\t\t\t\t<\/div>\n\t\t<\/section>\n\t\t\t\t<section class=\"elementor-section elementor-top-section elementor-element elementor-element-db33b6d elementor-hidden-desktop elementor-section-boxed elementor-section-height-default elementor-section-height-default\" data-id=\"db33b6d\" data-element_type=\"section\" data-e-type=\"section\">\n\t\t\t\t\t\t<div class=\"elementor-container elementor-column-gap-default\">\n\t\t\t\t\t<div class=\"elementor-column elementor-col-100 elementor-top-column elementor-element elementor-element-98b1179\" data-id=\"98b1179\" data-element_type=\"column\" data-e-type=\"column\">\n\t\t\t<div class=\"elementor-widget-wrap elementor-element-populated\">\n\t\t\t\t\t\t<div class=\"elementor-element elementor-element-1cb2e49 elementor-widget__width-initial elementor-widget elementor-widget-pix-img-carousel\" data-id=\"1cb2e49\" data-element_type=\"widget\" data-e-type=\"widget\" data-widget_type=\"pix-img-carousel.default\">\n\t\t\t\t<div class=\"elementor-widget-container\">\n\t\t\t\t\t<div class=\"\"><div id=\"pix-slider-159142494\" class=\"pix-main-slider pix-fix-x2  pix-style-standard pix-circular-left   pix-slider-1 pix-slider-dots  \" data-flickity='{\"autoPlay\":2500,\"freeScroll\":false,\"prevNextButtons\":false,\"wrapAround\":true,\"pageDots\":true,\"adaptiveHeight\":false,\"rightToLeft\":false,\"cellAlign\":\"center\",\"contain\":true,\"slider_effect\":\"pix-circular-left\",\"pix_id\":\"#pix-slider-159142494\"}'><div class=\"carousel-cell\"><div class=\"slide-inner pix-p-10\"><div class=\"pix-slider-effects\"><div class=\"\"><div class=\"text-left w-100 d-inline-block rounded-lg\"  ><img loading=\"lazy\" decoding=\"async\" class=\"card-img rounded-lg h-100\" width=\"671\" height=\"419\" srcset=\"https:\/\/latabledesavoieetbretagne.fr\/wp-content\/uploads\/2024\/04\/Restaurant-La-table-de-Savoie-La-table-de-Bretagne-photo-new-amabance-tab-1--300x187.jpg 300w, https:\/\/latabledesavoieetbretagne.fr\/wp-content\/uploads\/2024\/04\/Restaurant-La-table-de-Savoie-La-table-de-Bretagne-photo-new-amabance-tab-1-.jpg 671w\" sizes=\"(max-width: 671px) 100vw, 671px\" src=\"https:\/\/latabledesavoieetbretagne.fr\/wp-content\/uploads\/2024\/04\/Restaurant-La-table-de-Savoie-La-table-de-Bretagne-photo-new-amabance-tab-1-.jpg\" alt=\"\" style=\"\"\/><\/div><\/div><\/div><\/div><\/div><div class=\"carousel-cell\"><div class=\"slide-inner pix-p-10\"><div class=\"pix-slider-effects\"><div class=\"\"><div class=\"text-left w-100 d-inline-block rounded-lg\"  ><img loading=\"lazy\" decoding=\"async\" class=\"card-img rounded-lg h-100\" width=\"671\" height=\"419\" srcset=\"https:\/\/latabledesavoieetbretagne.fr\/wp-content\/uploads\/2024\/04\/Restaurant-La-table-de-Savoie-La-table-de-Bretagne-photo-new-amabance-tab-2--300x187.jpg 300w, https:\/\/latabledesavoieetbretagne.fr\/wp-content\/uploads\/2024\/04\/Restaurant-La-table-de-Savoie-La-table-de-Bretagne-photo-new-amabance-tab-2-.jpg 671w\" sizes=\"(max-width: 671px) 100vw, 671px\" src=\"https:\/\/latabledesavoieetbretagne.fr\/wp-content\/uploads\/2024\/04\/Restaurant-La-table-de-Savoie-La-table-de-Bretagne-photo-new-amabance-tab-2-.jpg\" alt=\"\" style=\"\"\/><\/div><\/div><\/div><\/div><\/div><div class=\"carousel-cell\"><div class=\"slide-inner pix-p-10\"><div class=\"pix-slider-effects\"><div class=\"\"><div class=\"text-left w-100 d-inline-block rounded-lg\"  ><img loading=\"lazy\" decoding=\"async\" class=\"card-img rounded-lg h-100\" width=\"671\" height=\"419\" srcset=\"https:\/\/latabledesavoieetbretagne.fr\/wp-content\/uploads\/2024\/04\/Restaurant-La-table-de-Savoie-La-table-de-Bretagne-photo-new-amabance-tab-3--300x187.jpg 300w, https:\/\/latabledesavoieetbretagne.fr\/wp-content\/uploads\/2024\/04\/Restaurant-La-table-de-Savoie-La-table-de-Bretagne-photo-new-amabance-tab-3-.jpg 671w\" sizes=\"(max-width: 671px) 100vw, 671px\" src=\"https:\/\/latabledesavoieetbretagne.fr\/wp-content\/uploads\/2024\/04\/Restaurant-La-table-de-Savoie-La-table-de-Bretagne-photo-new-amabance-tab-3-.jpg\" alt=\"\" style=\"\"\/><\/div><\/div><\/div><\/div><\/div><div class=\"carousel-cell\"><div class=\"slide-inner pix-p-10\"><div class=\"pix-slider-effects\"><div class=\"\"><div class=\"text-left w-100 d-inline-block rounded-lg\"  ><img loading=\"lazy\" decoding=\"async\" class=\"card-img rounded-lg h-100\" width=\"671\" height=\"419\" srcset=\"https:\/\/latabledesavoieetbretagne.fr\/wp-content\/uploads\/2024\/04\/Restaurant-La-table-de-Savoie-La-table-de-Bretagne-photo-new-amabance-tab-4--300x187.jpg 300w, https:\/\/latabledesavoieetbretagne.fr\/wp-content\/uploads\/2024\/04\/Restaurant-La-table-de-Savoie-La-table-de-Bretagne-photo-new-amabance-tab-4-.jpg 671w\" sizes=\"(max-width: 671px) 100vw, 671px\" src=\"https:\/\/latabledesavoieetbretagne.fr\/wp-content\/uploads\/2024\/04\/Restaurant-La-table-de-Savoie-La-table-de-Bretagne-photo-new-amabance-tab-4-.jpg\" alt=\"\" style=\"\"\/><\/div><\/div><\/div><\/div><\/div><div class=\"carousel-cell\"><div class=\"slide-inner pix-p-10\"><div class=\"pix-slider-effects\"><div class=\"\"><div class=\"text-left w-100 d-inline-block rounded-lg\"  ><img loading=\"lazy\" decoding=\"async\" class=\"card-img rounded-lg h-100\" width=\"671\" height=\"419\" srcset=\"https:\/\/latabledesavoieetbretagne.fr\/wp-content\/uploads\/2024\/04\/Restaurant-La-table-de-Savoie-La-table-de-Bretagne-photo-new-amabance-tab-5--300x187.jpg 300w, https:\/\/latabledesavoieetbretagne.fr\/wp-content\/uploads\/2024\/04\/Restaurant-La-table-de-Savoie-La-table-de-Bretagne-photo-new-amabance-tab-5-.jpg 671w\" sizes=\"(max-width: 671px) 100vw, 671px\" src=\"https:\/\/latabledesavoieetbretagne.fr\/wp-content\/uploads\/2024\/04\/Restaurant-La-table-de-Savoie-La-table-de-Bretagne-photo-new-amabance-tab-5-.jpg\" alt=\"\" style=\"\"\/><\/div><\/div><\/div><\/div><\/div><\/div><\/div>\t\t\t\t<\/div>\n\t\t\t\t<\/div>\n\t\t\t\t\t<\/div>\n\t\t<\/div>\n\t\t\t\t\t<\/div>\n\t\t<\/section>\n\t\t\t\t<section class=\"elementor-section elementor-top-section elementor-element elementor-element-5d182b44 elementor-hidden-desktop elementor-section-boxed elementor-section-height-default elementor-section-height-default\" data-id=\"5d182b44\" data-element_type=\"section\" data-e-type=\"section\">\n\t\t\t\t\t\t<div class=\"elementor-container elementor-column-gap-default\">\n\t\t\t\t\t<div class=\"elementor-column elementor-col-100 elementor-top-column elementor-element elementor-element-464c7b5\" data-id=\"464c7b5\" data-element_type=\"column\" data-e-type=\"column\">\n\t\t\t<div class=\"elementor-widget-wrap elementor-element-populated\">\n\t\t\t\t\t\t<section class=\"elementor-section elementor-inner-section elementor-element elementor-element-33fb772d sticky-top pix-sticky-top-adjust elementor-section-boxed elementor-section-height-default elementor-section-height-default\" data-id=\"33fb772d\" data-element_type=\"section\" data-e-type=\"section\">\n\t\t\t\t\t\t<div class=\"elementor-container elementor-column-gap-default\">\n\t\t\t\t\t<div class=\"elementor-column elementor-col-100 elementor-inner-column elementor-element elementor-element-73cd4c4b\" data-id=\"73cd4c4b\" data-element_type=\"column\" data-e-type=\"column\">\n\t\t\t<div class=\"elementor-widget-wrap elementor-element-populated\">\n\t\t\t\t\t\t<div class=\"elementor-element elementor-element-13e906b8 elementor-invisible elementor-widget elementor-widget-pix-heading\" data-id=\"13e906b8\" data-element_type=\"widget\" data-e-type=\"widget\" data-widget_type=\"pix-heading.default\">\n\t\t\t\t<div class=\"elementor-widget-container\">\n\t\t\t\t\t<div  class=\"pix-heading-el text-left \"><h3 class=\"font-weight-bold h3 animate-in heading-text el-title_custom_color mb-12\" style=\"\" data-anim-type=\"slide-in-up\" data-anim-delay=\"0\">La d\u00e9couverte des sp\u00e9cialit\u00e9s Savoyardes et Bretonnes<\/h3><\/div>\t\t\t\t<\/div>\n\t\t\t\t<\/div>\n\t\t\t\t<div class=\"elementor-element elementor-element-44a2caf0 elementor-invisible elementor-widget elementor-widget-pix-text\" data-id=\"44a2caf0\" data-element_type=\"widget\" data-e-type=\"widget\" data-widget_type=\"pix-text.default\">\n\t\t\t\t<div class=\"elementor-widget-container\">\n\t\t\t\t\t<div class=\"pix-el-text w-100 text-left \" ><p class=\"text-20 resp-option  text-left \" ><span class=\" animate-in d-inline-block\" data-anim-delay=\"200\" data-anim-type=\"fade-in-up\">Un univers chaleureux, mariant parfaitement tendance et raffinement. <b>C'est une carte innovante et cr\u00e9ative qui vous fera d\u00e9couvrir ou red\u00e9couvrir les d\u00e9lices de ces deux r\u00e9gions accompagn\u00e9s d'un grand choix de vins et de cidres.<\/b><\/span><\/p><\/div>\t\t\t\t<\/div>\n\t\t\t\t<\/div>\n\t\t\t\t<div class=\"elementor-element elementor-element-f828213 elementor-invisible elementor-widget elementor-widget-pix-text\" data-id=\"f828213\" data-element_type=\"widget\" data-e-type=\"widget\" data-widget_type=\"pix-text.default\">\n\t\t\t\t<div class=\"elementor-widget-container\">\n\t\t\t\t\t<div class=\"pix-el-text w-100 text-left \" ><p class=\"text-20 resp-option  text-left \" ><span class=\" animate-in d-inline-block\" data-anim-delay=\"200\" data-anim-type=\"fade-in-up\">De l'Hamburger Savoyard \u00e0 l'incontournable Raclette et sa charcuterie, de la Galette au Foie Gras et oignons confits \u00e0 la renversante Cr\u00eape Tatin, nos chefs revisitent les grands classiques et am\u00e8nent qualit\u00e9 et g\u00e9n\u00e9rosit\u00e9 dans vos assiettes.<\/span><\/p><\/div>\t\t\t\t<\/div>\n\t\t\t\t<\/div>\n\t\t\t\t\t<\/div>\n\t\t<\/div>\n\t\t\t\t\t<\/div>\n\t\t<\/section>\n\t\t\t\t\t<\/div>\n\t\t<\/div>\n\t\t\t\t\t<\/div>\n\t\t<\/section>\n\t\t\t\t<section class=\"elementor-section elementor-top-section elementor-element elementor-element-7b618820 elementor-section-stretched elementor-hidden-mobile elementor-section-boxed elementor-section-height-default elementor-section-height-default\" data-id=\"7b618820\" data-element_type=\"section\" data-e-type=\"section\" data-settings=\"{&quot;stretch_section&quot;:&quot;section-stretched&quot;,&quot;background_background&quot;:&quot;classic&quot;}\">\n\t\t\t\t\t\t<div class=\"elementor-container elementor-column-gap-default\">\n\t\t\t\t\t<div class=\"elementor-column elementor-col-33 elementor-top-column elementor-element elementor-element-382d84a8\" data-id=\"382d84a8\" data-element_type=\"column\" data-e-type=\"column\">\n\t\t\t<div class=\"elementor-widget-wrap elementor-element-populated\">\n\t\t\t\t\t\t<div class=\"elementor-element elementor-element-553e787 elementor-invisible elementor-widget elementor-widget-pix-img\" data-id=\"553e787\" data-element_type=\"widget\" data-e-type=\"widget\" data-widget_type=\"pix-img.default\">\n\t\t\t\t<div class=\"elementor-widget-container\">\n\t\t\t\t\t<div class=\"pix-img-element d-inline-block \" ><div class=\"animate-in  d-inline-block\" data-anim-type=\"fade-in-up\" data-anim-delay=\"200\"><div class=\"pix-img-el    left d-inline-block  w-100 rounded-xl\"  ><img loading=\"lazy\" decoding=\"async\" class=\"card-img2 pix-img-elem rounded-xl  h-1002\" style=\"height:auto;\" width=\"275\" height=\"330\" srcset=\"https:\/\/latabledesavoieetbretagne.fr\/wp-content\/uploads\/2024\/04\/Restaurant-La-table-de-Savoie-La-table-de-Bretagne-dessert-new.jpg 275w, https:\/\/latabledesavoieetbretagne.fr\/wp-content\/uploads\/2024\/04\/Restaurant-La-table-de-Savoie-La-table-de-Bretagne-dessert-new-250x300.jpg 250w\" sizes=\"(max-width: 275px) 100vw, 275px\" src=\"https:\/\/latabledesavoieetbretagne.fr\/wp-content\/uploads\/2024\/04\/Restaurant-La-table-de-Savoie-La-table-de-Bretagne-dessert-new.jpg\" alt=\"Image link\" \/><\/div><\/div><\/div>\t\t\t\t<\/div>\n\t\t\t\t<\/div>\n\t\t\t\t<div class=\"elementor-element elementor-element-673d4ce6 elementor-invisible elementor-widget elementor-widget-pix-img\" data-id=\"673d4ce6\" data-element_type=\"widget\" data-e-type=\"widget\" data-widget_type=\"pix-img.default\">\n\t\t\t\t<div class=\"elementor-widget-container\">\n\t\t\t\t\t<div class=\"pix-img-element d-inline-block \" ><div class=\"animate-in  d-inline-block\" data-anim-type=\"fade-in-up\" data-anim-delay=\"600\"><div class=\"pix-img-el    left d-inline-block  w-100 rounded-xl\"  ><img loading=\"lazy\" decoding=\"async\" class=\"card-img2 pix-img-elem rounded-xl  h-1002\" style=\"height:auto;\" width=\"903\" height=\"903\" srcset=\"https:\/\/latabledesavoieetbretagne.fr\/wp-content\/uploads\/2024\/07\/Restaurant-La-table-de-Savoie-La-table-de-Bretagne-MENU-PLATS-ete.png 903w, https:\/\/latabledesavoieetbretagne.fr\/wp-content\/uploads\/2024\/07\/Restaurant-La-table-de-Savoie-La-table-de-Bretagne-MENU-PLATS-ete-300x300.png 300w, https:\/\/latabledesavoieetbretagne.fr\/wp-content\/uploads\/2024\/07\/Restaurant-La-table-de-Savoie-La-table-de-Bretagne-MENU-PLATS-ete-150x150.png 150w, https:\/\/latabledesavoieetbretagne.fr\/wp-content\/uploads\/2024\/07\/Restaurant-La-table-de-Savoie-La-table-de-Bretagne-MENU-PLATS-ete-768x768.png 768w, https:\/\/latabledesavoieetbretagne.fr\/wp-content\/uploads\/2024\/07\/Restaurant-La-table-de-Savoie-La-table-de-Bretagne-MENU-PLATS-ete-400x400.png 400w, https:\/\/latabledesavoieetbretagne.fr\/wp-content\/uploads\/2024\/07\/Restaurant-La-table-de-Savoie-La-table-de-Bretagne-MENU-PLATS-ete-75x75.png 75w, https:\/\/latabledesavoieetbretagne.fr\/wp-content\/uploads\/2024\/07\/Restaurant-La-table-de-Savoie-La-table-de-Bretagne-MENU-PLATS-ete-460x460.png 460w\" sizes=\"(max-width: 903px) 100vw, 903px\" src=\"https:\/\/latabledesavoieetbretagne.fr\/wp-content\/uploads\/2024\/07\/Restaurant-La-table-de-Savoie-La-table-de-Bretagne-MENU-PLATS-ete.png\" alt=\"Image link\" \/><\/div><\/div><\/div>\t\t\t\t<\/div>\n\t\t\t\t<\/div>\n\t\t\t\t\t<\/div>\n\t\t<\/div>\n\t\t\t\t<div class=\"elementor-column elementor-col-33 elementor-top-column elementor-element elementor-element-5f3e6276\" data-id=\"5f3e6276\" data-element_type=\"column\" data-e-type=\"column\">\n\t\t\t<div class=\"elementor-widget-wrap elementor-element-populated\">\n\t\t\t\t\t\t<div class=\"elementor-element elementor-element-329f39f elementor-invisible elementor-widget elementor-widget-pix-img\" data-id=\"329f39f\" data-element_type=\"widget\" data-e-type=\"widget\" data-widget_type=\"pix-img.default\">\n\t\t\t\t<div class=\"elementor-widget-container\">\n\t\t\t\t\t<div class=\"pix-img-element d-inline-block \" ><div class=\"animate-in  d-inline-block\" data-anim-type=\"fade-in-up\" data-anim-delay=\"200\"><div class=\"pix-img-el    left d-inline-block  w-100 rounded-xl\"  ><img loading=\"lazy\" decoding=\"async\" class=\"card-img2 pix-img-elem rounded-xl  h-1002\" style=\"height:auto;\" width=\"300\" height=\"200\" src=\"https:\/\/latabledesavoieetbretagne.fr\/wp-content\/uploads\/2024\/04\/Restaurant-La-table-de-Savoie-La-table-de-Bretagne-repas-new.jpg\" alt=\"Image link\" \/><\/div><\/div><\/div>\t\t\t\t<\/div>\n\t\t\t\t<\/div>\n\t\t\t\t<div class=\"elementor-element elementor-element-62ebb444 elementor-invisible elementor-widget elementor-widget-pix-img\" data-id=\"62ebb444\" data-element_type=\"widget\" data-e-type=\"widget\" data-widget_type=\"pix-img.default\">\n\t\t\t\t<div class=\"elementor-widget-container\">\n\t\t\t\t\t<div class=\"pix-img-element d-inline-block \" ><div class=\"animate-in  d-inline-block\" data-anim-type=\"fade-in-up\" data-anim-delay=\"600\"><div class=\"pix-img-el    left d-inline-block  w-100 rounded-xl\"  ><img loading=\"lazy\" decoding=\"async\" class=\"card-img2 pix-img-elem rounded-xl  h-1002\" style=\"height:auto;\" width=\"275\" height=\"330\" srcset=\"https:\/\/latabledesavoieetbretagne.fr\/wp-content\/uploads\/2024\/04\/Restaurant-La-table-de-Savoie-La-table-de-Bretagne-table-plat.jpg 275w, https:\/\/latabledesavoieetbretagne.fr\/wp-content\/uploads\/2024\/04\/Restaurant-La-table-de-Savoie-La-table-de-Bretagne-table-plat-250x300.jpg 250w\" sizes=\"(max-width: 275px) 100vw, 275px\" src=\"https:\/\/latabledesavoieetbretagne.fr\/wp-content\/uploads\/2024\/04\/Restaurant-La-table-de-Savoie-La-table-de-Bretagne-table-plat.jpg\" alt=\"Image link\" \/><\/div><\/div><\/div>\t\t\t\t<\/div>\n\t\t\t\t<\/div>\n\t\t\t\t\t<\/div>\n\t\t<\/div>\n\t\t\t\t<div class=\"elementor-column elementor-col-33 elementor-top-column elementor-element elementor-element-1ae45519\" data-id=\"1ae45519\" data-element_type=\"column\" data-e-type=\"column\">\n\t\t\t<div class=\"elementor-widget-wrap elementor-element-populated\">\n\t\t\t\t\t\t<div class=\"elementor-element elementor-element-52173e4 elementor-invisible elementor-widget elementor-widget-pix-heading\" data-id=\"52173e4\" data-element_type=\"widget\" data-e-type=\"widget\" data-widget_type=\"pix-heading.default\">\n\t\t\t\t<div class=\"elementor-widget-container\">\n\t\t\t\t\t<div  class=\"pix-heading-el text-left \"><h3 class=\"font-weight-bold h3 animate-in heading-text el-title_custom_color mb-12\" style=\"\" data-anim-type=\"slide-in-up\" data-anim-delay=\"0\">La Table de Savoie et la Table de Bretagne, <\/h3><\/div>\t\t\t\t<\/div>\n\t\t\t\t<\/div>\n\t\t\t\t<div class=\"elementor-element elementor-element-52a7f53c elementor-widget__width-initial elementor-invisible elementor-widget elementor-widget-pix-text\" data-id=\"52a7f53c\" data-element_type=\"widget\" data-e-type=\"widget\" data-widget_type=\"pix-text.default\">\n\t\t\t\t<div class=\"elementor-widget-container\">\n\t\t\t\t\t<div class=\"pix-el-text w-100 text-left \" ><p class=\"text-20 resp-option  text-left \" ><span class=\" animate-in d-inline-block\" data-anim-delay=\"400\" data-anim-type=\"fade-in-up\">vous propose des repas copieux et raffin\u00e9s, \u00e9labor\u00e9s \u00e0 base de produits r\u00e9gionaux de qualit\u00e9 qui font de cet \u00e9tablissement un endroit incontournable pour les amoureux de plats g\u00e9n\u00e9reux et savoureux.<\/span><\/p><\/div>\t\t\t\t<\/div>\n\t\t\t\t<\/div>\n\t\t\t\t<div class=\"elementor-element elementor-element-4415b75 elementor-invisible elementor-widget elementor-widget-pix-text\" data-id=\"4415b75\" data-element_type=\"widget\" data-e-type=\"widget\" data-widget_type=\"pix-text.default\">\n\t\t\t\t<div class=\"elementor-widget-container\">\n\t\t\t\t\t<div class=\"pix-el-text w-100 text-left \" ><div class=\"d-inline-block\" style=\"max-width:640px;\"><p class=\"text-20 resp-option text-heading-default text-left font-weight-bold secondary-font\" ><span class=\"text-heading-default animate-in d-inline-block\" data-anim-delay=\"200\" data-anim-type=\"fade-in-up\">Laissez vous guider par vos envies et venez \u2026<\/span><\/p><\/div><\/div>\t\t\t\t<\/div>\n\t\t\t\t<\/div>\n\t\t\t\t<div class=\"elementor-element elementor-element-03a7a31 elementor-widget elementor-widget-pix-button\" data-id=\"03a7a31\" data-element_type=\"widget\" data-e-type=\"widget\" data-widget_type=\"pix-button.default\">\n\t\t\t\t<div class=\"elementor-widget-container\">\n\t\t\t\t\t<div class=\"d-block w-100 text-left\"><a  href=\"https:\/\/latabledesavoieetbretagne.fr\/index.php\/reservation-la-table-de-savoie-et-de-bretagne\/\" class=\"btn m-0     shadow shadow-hover text-white btn-primary d-inline-flex align-items-center pix-hover-item       animate-in pix-btn-div btn-lg\"   data-anim-type=\"fade-in-left\" data-anim-delay=\"1200\" ><svg class=\"pixfort-icon font-weight-bold  pix-hover-left  mr-2\" width=\"24\" height=\"24\"  viewBox=\"2 2 20 20\"><path fill=\"none\" stroke=\"var(--pf-icon-color)\" stroke-linecap=\"round\" stroke-linejoin=\"round\" stroke-width=\"var(--pf-icon-stroke-width)\" d=\"M12,21 C16.9705627,21 21,16.9705627 21,12 C21,7.02943725 16.9705627,3 12,3 C7.02943725,3 3,7.02943725 3,12 C3,16.9705627 7.02943725,21 12,21 Z M16.5,19.7296991 L16.5,8 L14.7279983,14.202006 C14.5957983,14.6647058 14.8118968,15.1559484 15.2423086,15.3711543 L16.5,16 L16.5,16 M7,8 L7,12 C7,13.1045695 7.8954305,14 9,14 L10,14 C11.1045695,14 12,13.1045695 12,12 L12,8 L12,8 M9.5,8 L9.5,20.6060634\"\/><\/svg><span class=\"font-weight-bold \" >R\u00e9servez votre table<\/span><\/a><\/div>\t\t\t\t<\/div>\n\t\t\t\t<\/div>\n\t\t\t\t\t<\/div>\n\t\t<\/div>\n\t\t\t\t\t<\/div>\n\t\t<\/section>\n\t\t\t\t<section class=\"elementor-section elementor-top-section elementor-element elementor-element-df15e48 elementor-section-stretched elementor-hidden-desktop elementor-hidden-tablet elementor-section-boxed elementor-section-height-default elementor-section-height-default\" data-id=\"df15e48\" data-element_type=\"section\" data-e-type=\"section\" data-settings=\"{&quot;stretch_section&quot;:&quot;section-stretched&quot;,&quot;background_background&quot;:&quot;classic&quot;}\">\n\t\t\t\t\t\t<div class=\"elementor-container elementor-column-gap-default\">\n\t\t\t\t\t<div class=\"elementor-column elementor-col-50 elementor-top-column elementor-element elementor-element-e620296\" data-id=\"e620296\" data-element_type=\"column\" data-e-type=\"column\">\n\t\t\t<div class=\"elementor-widget-wrap elementor-element-populated\">\n\t\t\t\t\t\t<div class=\"elementor-element elementor-element-77c66e0 elementor-invisible elementor-widget elementor-widget-pix-img\" data-id=\"77c66e0\" data-element_type=\"widget\" data-e-type=\"widget\" data-widget_type=\"pix-img.default\">\n\t\t\t\t<div class=\"elementor-widget-container\">\n\t\t\t\t\t<div class=\"pix-img-element d-inline-block \" ><div class=\"animate-in  d-inline-block\" data-anim-type=\"fade-in-up\" data-anim-delay=\"200\"><div class=\"pix-img-el    left d-inline-block  w-100 rounded-xl\"  ><img loading=\"lazy\" decoding=\"async\" class=\"card-img2 pix-img-elem rounded-xl  h-1002\" style=\"height:auto;\" width=\"550\" height=\"367\" srcset=\"https:\/\/latabledesavoieetbretagne.fr\/wp-content\/uploads\/2024\/04\/Restaurant-La-table-de-Savoie-La-table-de-Bretagne-galette-mobile.jpg 550w, https:\/\/latabledesavoieetbretagne.fr\/wp-content\/uploads\/2024\/04\/Restaurant-La-table-de-Savoie-La-table-de-Bretagne-galette-mobile-300x200.jpg 300w\" sizes=\"(max-width: 550px) 100vw, 550px\" src=\"https:\/\/latabledesavoieetbretagne.fr\/wp-content\/uploads\/2024\/04\/Restaurant-La-table-de-Savoie-La-table-de-Bretagne-galette-mobile.jpg\" alt=\"Image link\" \/><\/div><\/div><\/div>\t\t\t\t<\/div>\n\t\t\t\t<\/div>\n\t\t\t\t\t<\/div>\n\t\t<\/div>\n\t\t\t\t<div class=\"elementor-column elementor-col-50 elementor-top-column elementor-element elementor-element-53cc254\" data-id=\"53cc254\" data-element_type=\"column\" data-e-type=\"column\">\n\t\t\t<div class=\"elementor-widget-wrap elementor-element-populated\">\n\t\t\t\t\t\t<div class=\"elementor-element elementor-element-b901eef elementor-invisible elementor-widget elementor-widget-pix-heading\" data-id=\"b901eef\" data-element_type=\"widget\" data-e-type=\"widget\" data-widget_type=\"pix-heading.default\">\n\t\t\t\t<div class=\"elementor-widget-container\">\n\t\t\t\t\t<div  class=\"pix-heading-el text-left \"><h3 class=\"font-weight-bold h3 animate-in heading-text el-title_custom_color mb-12\" style=\"\" data-anim-type=\"slide-in-up\" data-anim-delay=\"0\">La Table de Savoie et la Table de Bretagne, <\/h3><\/div>\t\t\t\t<\/div>\n\t\t\t\t<\/div>\n\t\t\t\t<div class=\"elementor-element elementor-element-13d04be elementor-invisible elementor-widget elementor-widget-pix-text\" data-id=\"13d04be\" data-element_type=\"widget\" data-e-type=\"widget\" data-widget_type=\"pix-text.default\">\n\t\t\t\t<div class=\"elementor-widget-container\">\n\t\t\t\t\t<div class=\"pix-el-text w-100 text-left \" ><p class=\"text-20 resp-option  text-left \" ><span class=\" animate-in d-inline-block\" data-anim-delay=\"400\" data-anim-type=\"fade-in-up\">ce sont des repas copieux et raffin\u00e9s, \u00e9labor\u00e9s \u00e0 base de produits r\u00e9gionaux de qualit\u00e9 qui font de cet \u00e9tablissement un endroit incontournable pour les amoureux de plats g\u00e9n\u00e9reux et savoureux.<\/span><\/p><\/div>\t\t\t\t<\/div>\n\t\t\t\t<\/div>\n\t\t\t\t<div class=\"elementor-element elementor-element-e0f9823 elementor-invisible elementor-widget elementor-widget-pix-text\" data-id=\"e0f9823\" data-element_type=\"widget\" data-e-type=\"widget\" data-widget_type=\"pix-text.default\">\n\t\t\t\t<div class=\"elementor-widget-container\">\n\t\t\t\t\t<div class=\"pix-el-text w-100 text-left \" ><div class=\"d-inline-block\" style=\"max-width:640px;\"><p class=\"text-20 resp-option text-heading-default text-left font-weight-bold secondary-font\" ><span class=\"text-heading-default animate-in d-inline-block\" data-anim-delay=\"200\" data-anim-type=\"fade-in-up\">Laissez vous guider par vos envies et venez \u2026<\/span><\/p><\/div><\/div>\t\t\t\t<\/div>\n\t\t\t\t<\/div>\n\t\t\t\t<div class=\"elementor-element elementor-element-2a9386d elementor-widget elementor-widget-pix-button\" data-id=\"2a9386d\" data-element_type=\"widget\" data-e-type=\"widget\" data-widget_type=\"pix-button.default\">\n\t\t\t\t<div class=\"elementor-widget-container\">\n\t\t\t\t\t<div class=\"d-block w-100 text-center\"><a  href=\"https:\/\/latabledesavoieetbretagne.fr\/index.php\/reservation-la-table-de-savoie-et-de-bretagne\/\" class=\"btn m-0     shadow shadow-hover text-white btn-primary d-inline-flex align-items-center pix-hover-item       animate-in pix-btn-div btn-lg\"   data-anim-type=\"fade-in-left\" data-anim-delay=\"1200\" ><svg class=\"pixfort-icon font-weight-bold  pix-hover-left  mr-2\" width=\"24\" height=\"24\"  viewBox=\"2 2 20 20\"><path fill=\"none\" stroke=\"var(--pf-icon-color)\" stroke-linecap=\"round\" stroke-linejoin=\"round\" stroke-width=\"var(--pf-icon-stroke-width)\" d=\"M12,21 C16.9705627,21 21,16.9705627 21,12 C21,7.02943725 16.9705627,3 12,3 C7.02943725,3 3,7.02943725 3,12 C3,16.9705627 7.02943725,21 12,21 Z M16.5,19.7296991 L16.5,8 L14.7279983,14.202006 C14.5957983,14.6647058 14.8118968,15.1559484 15.2423086,15.3711543 L16.5,16 L16.5,16 M7,8 L7,12 C7,13.1045695 7.8954305,14 9,14 L10,14 C11.1045695,14 12,13.1045695 12,12 L12,8 L12,8 M9.5,8 L9.5,20.6060634\"\/><\/svg><span class=\"font-weight-bold \" >R\u00e9servez votre table<\/span><\/a><\/div>\t\t\t\t<\/div>\n\t\t\t\t<\/div>\n\t\t\t\t\t<\/div>\n\t\t<\/div>\n\t\t\t\t\t<\/div>\n\t\t<\/section>\n\t\t\t\t<section class=\"elementor-section elementor-top-section elementor-element elementor-element-37dec4ef elementor-section-stretched elementor-section-full_width elementor-hidden-tablet elementor-section-height-default elementor-section-height-default\" data-id=\"37dec4ef\" data-element_type=\"section\" data-e-type=\"section\" data-settings=\"{&quot;stretch_section&quot;:&quot;section-stretched&quot;,&quot;background_background&quot;:&quot;classic&quot;}\">\n\t\t\t\t\t\t<div class=\"elementor-container elementor-column-gap-no\">\n\t\t\t\t\t<div class=\"elementor-column elementor-col-50 elementor-top-column elementor-element elementor-element-58c5b298\" data-id=\"58c5b298\" data-element_type=\"column\" data-e-type=\"column\">\n\t\t\t<div class=\"elementor-widget-wrap elementor-element-populated\">\n\t\t\t\t\t\t<div class=\"elementor-element elementor-element-675a6674 elementor-widget elementor-widget-pix-sliding-text\" data-id=\"675a6674\" data-element_type=\"widget\" data-e-type=\"widget\" data-widget_type=\"pix-sliding-text.default\">\n\t\t\t\t<div class=\"elementor-widget-container\">\n\t\t\t\t\t<div id=\"el-675a6674\" class=\"mb-3 text-left \"><div class=\"d-inline-block\" style=\"max-width:800px;\"><h3 class=\"mb-32 pix-sliding-headline-2 animate-in font-weight-bold secondary-font \" data-anim-type=\"pix-sliding-text\" pix-anim-delay=\"500\" data-class=\"secondary-font text-gradient-primary\" style=\"\"><span class=\"slide-in-container \"><span class=\"pix-sliding-item secondary-font text-gradient-primary\" style=\"transition-delay: 0ms;\">LA&#32;<\/span><\/span> <span class=\"slide-in-container \"><span class=\"pix-sliding-item secondary-font text-gradient-primary\" style=\"transition-delay: 150ms;\">BRETAGNE&#32;<\/span><\/span> <\/h3><\/div><\/div>\t\t\t\t<\/div>\n\t\t\t\t<\/div>\n\t\t\t\t<div class=\"elementor-element elementor-element-fffbf5b elementor-invisible elementor-widget elementor-widget-pix-text\" data-id=\"fffbf5b\" data-element_type=\"widget\" data-e-type=\"widget\" data-widget_type=\"pix-text.default\">\n\t\t\t\t<div class=\"elementor-widget-container\">\n\t\t\t\t\t<div class=\"pix-el-text w-100 text-left \" ><p class=\"text-18 resp-option text-body-default text-left \" ><span class=\"text-body-default animate-in d-inline-block\" data-anim-delay=\"1000\" data-anim-type=\"fade-in-up\">C'est en l'an 1790 que la Bretagne devint d\u00e9finitivement fran\u00e7aise. Apr\u00e8s deux mille ans de conqu\u00eates et d'invasions, son identit\u00e9 s'ancra pour de bon.<\/span><\/p><\/div>\t\t\t\t<\/div>\n\t\t\t\t<\/div>\n\t\t\t\t<div class=\"elementor-element elementor-element-fbb69a3 elementor-invisible elementor-widget elementor-widget-pix-text\" data-id=\"fbb69a3\" data-element_type=\"widget\" data-e-type=\"widget\" data-widget_type=\"pix-text.default\">\n\t\t\t\t<div class=\"elementor-widget-container\">\n\t\t\t\t\t<div class=\"pix-el-text w-100 text-left \" ><p class=\"text-18 resp-option text-body-default text-left \" ><span class=\"text-body-default animate-in d-inline-block\" data-anim-delay=\"1000\" data-anim-type=\"fade-in-up\">En effet, c'est encore l\u00e0 que l'on trouve d'irr\u00e9ductibles gaulois, et parmi eux, les plus illustres ne sont plus ceux auxquels on pense en premier lieu.<\/span><\/p><\/div>\t\t\t\t<\/div>\n\t\t\t\t<\/div>\n\t\t\t\t<div class=\"elementor-element elementor-element-b03874c elementor-invisible elementor-widget elementor-widget-pix-text\" data-id=\"b03874c\" data-element_type=\"widget\" data-e-type=\"widget\" data-widget_type=\"pix-text.default\">\n\t\t\t\t<div class=\"elementor-widget-container\">\n\t\t\t\t\t<div class=\"pix-el-text w-100 text-left \" ><p class=\"text-18 resp-option text-body-default text-left \" ><span class=\"text-body-default animate-in d-inline-block\" data-anim-delay=\"1000\" data-anim-type=\"fade-in-up\">Loin des farouches guerriers r\u00e9volt\u00e9s contre les forces de C\u00e9sar, les r\u00e9sistants d'aujourd'hui sont ceux des campagnes, prot\u00e9geant avec hardiesse leur patrimoine et la richesse de leur tradition. L\u00e0 o\u00f9 jadis on prot\u00e9geait des places fortes, c'est aujourd'hui les moulins \u00e0 froment et \u00e0 sarrasin, les fermes de Gu\u00e9m\u00e9n\u00e9, les cidreries et les charmantes c\u00f4tes au large desquels croisent encore les bateaux de p\u00eacheurs qu'il faut pr\u00e9server.\n\n\u200b<\/span><\/p><\/div>\t\t\t\t<\/div>\n\t\t\t\t<\/div>\n\t\t\t\t<div class=\"elementor-element elementor-element-d33d3e3 elementor-invisible elementor-widget elementor-widget-pix-text\" data-id=\"d33d3e3\" data-element_type=\"widget\" data-e-type=\"widget\" data-widget_type=\"pix-text.default\">\n\t\t\t\t<div class=\"elementor-widget-container\">\n\t\t\t\t\t<div class=\"pix-el-text w-100 text-left \" ><p class=\"text-18 resp-option text-body-default text-left font-weight-bold\" ><span class=\"text-body-default animate-in d-inline-block\" data-anim-delay=\"1000\" data-anim-type=\"fade-in-up\">C'est l\u00e0 le leitmotiv de la Table de Bretagne : restituer le souffle d'un souvenir, et le pouls d'une tradition. Quoi de plus vrai d'ailleurs qu'un dicton breton : \u00ab Il y \u00e0 la moiti\u00e9 de la sant\u00e9 dans une assiette bien garnie !\u00bb<\/span><\/p><\/div>\t\t\t\t<\/div>\n\t\t\t\t<\/div>\n\t\t\t\t<div class=\"elementor-element elementor-element-9e5aab9 elementor-invisible elementor-widget elementor-widget-pix-text\" data-id=\"9e5aab9\" data-element_type=\"widget\" data-e-type=\"widget\" data-widget_type=\"pix-text.default\">\n\t\t\t\t<div class=\"elementor-widget-container\">\n\t\t\t\t\t<div class=\"pix-el-text w-100 text-left \" ><p class=\"text-18 resp-option text-body-default text-left \" ><span class=\"text-body-default animate-in d-inline-block\" data-anim-delay=\"1000\" data-anim-type=\"fade-in-up\">L'\u00e9quipe de la Table de Bretagne vous souhaite donc un excellent app\u00e9tit !<\/span><\/p><\/div>\t\t\t\t<\/div>\n\t\t\t\t<\/div>\n\t\t\t\t\t<\/div>\n\t\t<\/div>\n\t\t\t\t<div class=\"elementor-column elementor-col-50 elementor-top-column elementor-element elementor-element-6eadd24\" data-id=\"6eadd24\" data-element_type=\"column\" data-e-type=\"column\">\n\t\t\t<div class=\"elementor-widget-wrap elementor-element-populated\">\n\t\t\t\t\t\t<div class=\"elementor-element elementor-element-3e928c elementor-invisible elementor-widget elementor-widget-pix-img\" data-id=\"3e928c\" data-element_type=\"widget\" data-e-type=\"widget\" data-widget_type=\"pix-img.default\">\n\t\t\t\t<div class=\"elementor-widget-container\">\n\t\t\t\t\t<div class=\"pix-img-element d-inline-block \" ><div class=\"animate-in  d-inline-block\" data-anim-type=\"fade-in-right\" data-anim-delay=\"0\"><div class=\"pix-img-el    left d-inline-block  w-100 rounded-default\"  ><img loading=\"lazy\" decoding=\"async\" class=\"card-img2 pix-img-elem rounded-default  h-1002\" style=\"height:auto;\" width=\"994\" height=\"1000\" srcset=\"https:\/\/latabledesavoieetbretagne.fr\/wp-content\/uploads\/2024\/04\/Restaurant-La-table-de-Savoie-La-table-de-Bretagne-LE-CONCEPT-LA-BRETAGNE.jpg 994w, https:\/\/latabledesavoieetbretagne.fr\/wp-content\/uploads\/2024\/04\/Restaurant-La-table-de-Savoie-La-table-de-Bretagne-LE-CONCEPT-LA-BRETAGNE-298x300.jpg 298w, https:\/\/latabledesavoieetbretagne.fr\/wp-content\/uploads\/2024\/04\/Restaurant-La-table-de-Savoie-La-table-de-Bretagne-LE-CONCEPT-LA-BRETAGNE-150x150.jpg 150w, https:\/\/latabledesavoieetbretagne.fr\/wp-content\/uploads\/2024\/04\/Restaurant-La-table-de-Savoie-La-table-de-Bretagne-LE-CONCEPT-LA-BRETAGNE-768x773.jpg 768w, https:\/\/latabledesavoieetbretagne.fr\/wp-content\/uploads\/2024\/04\/Restaurant-La-table-de-Savoie-La-table-de-Bretagne-LE-CONCEPT-LA-BRETAGNE-75x75.jpg 75w\" sizes=\"(max-width: 994px) 100vw, 994px\" src=\"https:\/\/latabledesavoieetbretagne.fr\/wp-content\/uploads\/2024\/04\/Restaurant-La-table-de-Savoie-La-table-de-Bretagne-LE-CONCEPT-LA-BRETAGNE.jpg\" alt=\"Image link\" \/><\/div><\/div><\/div>\t\t\t\t<\/div>\n\t\t\t\t<\/div>\n\t\t\t\t\t<\/div>\n\t\t<\/div>\n\t\t\t\t\t<\/div>\n\t\t<\/section>\n\t\t\t\t<section class=\"elementor-section elementor-top-section elementor-element elementor-element-d07a207 elementor-section-stretched elementor-section-full_width elementor-hidden-desktop elementor-hidden-mobile elementor-section-height-default elementor-section-height-default\" data-id=\"d07a207\" data-element_type=\"section\" data-e-type=\"section\" data-settings=\"{&quot;stretch_section&quot;:&quot;section-stretched&quot;,&quot;background_background&quot;:&quot;classic&quot;}\">\n\t\t\t\t\t\t<div class=\"elementor-container elementor-column-gap-no\">\n\t\t\t\t\t<div class=\"elementor-column elementor-col-100 elementor-top-column elementor-element elementor-element-a36e651\" data-id=\"a36e651\" data-element_type=\"column\" data-e-type=\"column\">\n\t\t\t<div class=\"elementor-widget-wrap elementor-element-populated\">\n\t\t\t\t\t\t<div class=\"elementor-element elementor-element-8d727f3 elementor-widget elementor-widget-pix-sliding-text\" data-id=\"8d727f3\" data-element_type=\"widget\" data-e-type=\"widget\" data-widget_type=\"pix-sliding-text.default\">\n\t\t\t\t<div class=\"elementor-widget-container\">\n\t\t\t\t\t<div id=\"el-8d727f3\" class=\"mb-3 text-left \"><div class=\"d-inline-block\" style=\"max-width:800px;\"><h3 class=\"mb-32 pix-sliding-headline-2 animate-in font-weight-bold secondary-font \" data-anim-type=\"pix-sliding-text\" pix-anim-delay=\"500\" data-class=\"secondary-font text-gradient-primary\" style=\"\"><span class=\"slide-in-container \"><span class=\"pix-sliding-item secondary-font text-gradient-primary\" style=\"transition-delay: 0ms;\">LA&#32;<\/span><\/span> <span class=\"slide-in-container \"><span class=\"pix-sliding-item secondary-font text-gradient-primary\" style=\"transition-delay: 150ms;\">BRETAGNE&#32;<\/span><\/span> <\/h3><\/div><\/div>\t\t\t\t<\/div>\n\t\t\t\t<\/div>\n\t\t\t\t<div class=\"elementor-element elementor-element-3e9bfb3 elementor-invisible elementor-widget elementor-widget-pix-text\" data-id=\"3e9bfb3\" data-element_type=\"widget\" data-e-type=\"widget\" data-widget_type=\"pix-text.default\">\n\t\t\t\t<div class=\"elementor-widget-container\">\n\t\t\t\t\t<div class=\"pix-el-text w-100 text-left \" ><p class=\"text-18 resp-option text-body-default text-left \" ><span class=\"text-body-default animate-in d-inline-block\" data-anim-delay=\"1000\" data-anim-type=\"fade-in-up\">C'est en l'an 1790 que la Bretagne devint d\u00e9finitivement fran\u00e7aise. Apr\u00e8s deux mille ans de conqu\u00eates et d'invasions, son identit\u00e9 s'ancra pour de bon.<\/span><\/p><\/div>\t\t\t\t<\/div>\n\t\t\t\t<\/div>\n\t\t\t\t<div class=\"elementor-element elementor-element-970ebce elementor-invisible elementor-widget elementor-widget-pix-text\" data-id=\"970ebce\" data-element_type=\"widget\" data-e-type=\"widget\" data-widget_type=\"pix-text.default\">\n\t\t\t\t<div class=\"elementor-widget-container\">\n\t\t\t\t\t<div class=\"pix-el-text w-100 text-left \" ><p class=\"text-18 resp-option text-body-default text-left \" ><span class=\"text-body-default animate-in d-inline-block\" data-anim-delay=\"1000\" data-anim-type=\"fade-in-up\">En effet, c'est encore l\u00e0 que l'on trouve d'irr\u00e9ductibles gaulois, et parmi eux, les plus illustres ne sont plus ceux auxquels on pense en premier lieu.<\/span><\/p><\/div>\t\t\t\t<\/div>\n\t\t\t\t<\/div>\n\t\t\t\t<div class=\"elementor-element elementor-element-69117e8 elementor-invisible elementor-widget elementor-widget-pix-text\" data-id=\"69117e8\" data-element_type=\"widget\" data-e-type=\"widget\" data-widget_type=\"pix-text.default\">\n\t\t\t\t<div class=\"elementor-widget-container\">\n\t\t\t\t\t<div class=\"pix-el-text w-100 text-left \" ><p class=\"text-18 resp-option text-body-default text-left \" ><span class=\"text-body-default animate-in d-inline-block\" data-anim-delay=\"1000\" data-anim-type=\"fade-in-up\">Loin des farouches guerriers r\u00e9volt\u00e9s contre les forces de C\u00e9sar, les r\u00e9sistants d'aujourd'hui sont ceux des campagnes, prot\u00e9geant avec hardiesse leur patrimoine et la richesse de leur tradition. L\u00e0 o\u00f9 jadis on prot\u00e9geait des places fortes, c'est aujourd'hui les moulins \u00e0 froment et \u00e0 sarrasin, les fermes de Gu\u00e9m\u00e9n\u00e9, les cidreries et les charmantes c\u00f4tes au large desquels croisent encore les bateaux de p\u00eacheurs qu'il faut pr\u00e9server.\n\n\u200b<\/span><\/p><\/div>\t\t\t\t<\/div>\n\t\t\t\t<\/div>\n\t\t\t\t<div class=\"elementor-element elementor-element-46d5a3a elementor-invisible elementor-widget elementor-widget-pix-text\" data-id=\"46d5a3a\" data-element_type=\"widget\" data-e-type=\"widget\" data-widget_type=\"pix-text.default\">\n\t\t\t\t<div class=\"elementor-widget-container\">\n\t\t\t\t\t<div class=\"pix-el-text w-100 text-left \" ><p class=\"text-18 resp-option text-body-default text-left font-weight-bold\" ><span class=\"text-body-default animate-in d-inline-block\" data-anim-delay=\"1000\" data-anim-type=\"fade-in-up\">C'est l\u00e0 le leitmotiv de la Table de Bretagne : restituer le souffle d'un souvenir, et le pouls d'une tradition. Quoi de plus vrai d'ailleurs qu'un dicton breton : \u00ab Il y \u00e0 la moiti\u00e9 de la sant\u00e9 dans une assiette bien garnie !\u00bb<\/span><\/p><\/div>\t\t\t\t<\/div>\n\t\t\t\t<\/div>\n\t\t\t\t<div class=\"elementor-element elementor-element-96fea43 elementor-invisible elementor-widget elementor-widget-pix-text\" data-id=\"96fea43\" data-element_type=\"widget\" data-e-type=\"widget\" data-widget_type=\"pix-text.default\">\n\t\t\t\t<div class=\"elementor-widget-container\">\n\t\t\t\t\t<div class=\"pix-el-text w-100 text-left \" ><p class=\"text-18 resp-option text-body-default text-left \" ><span class=\"text-body-default animate-in d-inline-block\" data-anim-delay=\"1000\" data-anim-type=\"fade-in-up\">L'\u00e9quipe de la Table de Bretagne vous souhaite donc un excellent app\u00e9tit !<\/span><\/p><\/div>\t\t\t\t<\/div>\n\t\t\t\t<\/div>\n\t\t\t\t\t<\/div>\n\t\t<\/div>\n\t\t\t\t\t<\/div>\n\t\t<\/section>\n\t\t\t\t<section class=\"elementor-section elementor-top-section elementor-element elementor-element-22657c3 elementor-section-stretched elementor-section-full_width elementor-hidden-desktop elementor-hidden-mobile elementor-section-height-default elementor-section-height-default\" data-id=\"22657c3\" data-element_type=\"section\" data-e-type=\"section\" data-settings=\"{&quot;stretch_section&quot;:&quot;section-stretched&quot;,&quot;background_background&quot;:&quot;classic&quot;}\">\n\t\t\t\t\t\t<div class=\"elementor-container elementor-column-gap-no\">\n\t\t\t\t\t<div class=\"elementor-column elementor-col-100 elementor-top-column elementor-element elementor-element-2a396f7\" data-id=\"2a396f7\" data-element_type=\"column\" data-e-type=\"column\">\n\t\t\t<div class=\"elementor-widget-wrap elementor-element-populated\">\n\t\t\t\t\t\t<div class=\"elementor-element elementor-element-83ed7f1 elementor-invisible elementor-widget elementor-widget-pix-img\" data-id=\"83ed7f1\" data-element_type=\"widget\" data-e-type=\"widget\" data-widget_type=\"pix-img.default\">\n\t\t\t\t<div class=\"elementor-widget-container\">\n\t\t\t\t\t<div class=\"pix-img-element d-inline-block \" ><div class=\"animate-in  d-inline-block\" data-anim-type=\"fade-in-right\" data-anim-delay=\"0\"><div class=\"pix-img-el    left d-inline-block  w-100 rounded-default\"  ><img loading=\"lazy\" decoding=\"async\" class=\"card-img2 pix-img-elem rounded-default  h-1002\" style=\"height:auto;\" width=\"994\" height=\"1000\" srcset=\"https:\/\/latabledesavoieetbretagne.fr\/wp-content\/uploads\/2024\/04\/Restaurant-La-table-de-Savoie-La-table-de-Bretagne-LE-CONCEPT-LA-BRETAGNE.jpg 994w, https:\/\/latabledesavoieetbretagne.fr\/wp-content\/uploads\/2024\/04\/Restaurant-La-table-de-Savoie-La-table-de-Bretagne-LE-CONCEPT-LA-BRETAGNE-298x300.jpg 298w, https:\/\/latabledesavoieetbretagne.fr\/wp-content\/uploads\/2024\/04\/Restaurant-La-table-de-Savoie-La-table-de-Bretagne-LE-CONCEPT-LA-BRETAGNE-150x150.jpg 150w, https:\/\/latabledesavoieetbretagne.fr\/wp-content\/uploads\/2024\/04\/Restaurant-La-table-de-Savoie-La-table-de-Bretagne-LE-CONCEPT-LA-BRETAGNE-768x773.jpg 768w, https:\/\/latabledesavoieetbretagne.fr\/wp-content\/uploads\/2024\/04\/Restaurant-La-table-de-Savoie-La-table-de-Bretagne-LE-CONCEPT-LA-BRETAGNE-75x75.jpg 75w\" sizes=\"(max-width: 994px) 100vw, 994px\" src=\"https:\/\/latabledesavoieetbretagne.fr\/wp-content\/uploads\/2024\/04\/Restaurant-La-table-de-Savoie-La-table-de-Bretagne-LE-CONCEPT-LA-BRETAGNE.jpg\" alt=\"Image link\" \/><\/div><\/div><\/div>\t\t\t\t<\/div>\n\t\t\t\t<\/div>\n\t\t\t\t\t<\/div>\n\t\t<\/div>\n\t\t\t\t\t<\/div>\n\t\t<\/section>\n\t\t\t\t<section class=\"elementor-section elementor-top-section elementor-element elementor-element-67683006 elementor-section-stretched elementor-section-full_width elementor-reverse-mobile elementor-hidden-tablet elementor-section-height-default elementor-section-height-default\" data-id=\"67683006\" data-element_type=\"section\" data-e-type=\"section\" data-settings=\"{&quot;stretch_section&quot;:&quot;section-stretched&quot;,&quot;background_background&quot;:&quot;classic&quot;}\">\n\t\t\t\t\t\t<div class=\"elementor-container elementor-column-gap-no\">\n\t\t\t\t\t<div class=\"elementor-column elementor-col-50 elementor-top-column elementor-element elementor-element-651a316a\" data-id=\"651a316a\" data-element_type=\"column\" data-e-type=\"column\">\n\t\t\t<div class=\"elementor-widget-wrap elementor-element-populated\">\n\t\t\t\t\t\t<div class=\"elementor-element elementor-element-3995ce52 elementor-invisible elementor-widget elementor-widget-pix-img\" data-id=\"3995ce52\" data-element_type=\"widget\" data-e-type=\"widget\" data-widget_type=\"pix-img.default\">\n\t\t\t\t<div class=\"elementor-widget-container\">\n\t\t\t\t\t<div class=\"pix-img-element d-inline-block \" ><div class=\"animate-in  d-inline-block\" data-anim-type=\"fade-in-left\" data-anim-delay=\"0\"><div class=\"pix-img-el    left d-inline-block  w-100 rounded-default\"  ><img loading=\"lazy\" decoding=\"async\" class=\"card-img2 pix-img-elem rounded-default  h-1002\" style=\"height:auto;\" width=\"994\" height=\"1000\" srcset=\"https:\/\/latabledesavoieetbretagne.fr\/wp-content\/uploads\/2024\/02\/Restaurant-La-table-de-Savoie-La-table-de-Bretagne-LE-CONCEPT-LA-SAVOIE-1.jpg 994w, https:\/\/latabledesavoieetbretagne.fr\/wp-content\/uploads\/2024\/02\/Restaurant-La-table-de-Savoie-La-table-de-Bretagne-LE-CONCEPT-LA-SAVOIE-1-298x300.jpg 298w, https:\/\/latabledesavoieetbretagne.fr\/wp-content\/uploads\/2024\/02\/Restaurant-La-table-de-Savoie-La-table-de-Bretagne-LE-CONCEPT-LA-SAVOIE-1-150x150.jpg 150w, https:\/\/latabledesavoieetbretagne.fr\/wp-content\/uploads\/2024\/02\/Restaurant-La-table-de-Savoie-La-table-de-Bretagne-LE-CONCEPT-LA-SAVOIE-1-768x773.jpg 768w, https:\/\/latabledesavoieetbretagne.fr\/wp-content\/uploads\/2024\/02\/Restaurant-La-table-de-Savoie-La-table-de-Bretagne-LE-CONCEPT-LA-SAVOIE-1-75x75.jpg 75w\" sizes=\"(max-width: 994px) 100vw, 994px\" src=\"https:\/\/latabledesavoieetbretagne.fr\/wp-content\/uploads\/2024\/02\/Restaurant-La-table-de-Savoie-La-table-de-Bretagne-LE-CONCEPT-LA-SAVOIE-1.jpg\" alt=\"Image link\" \/><\/div><\/div><\/div>\t\t\t\t<\/div>\n\t\t\t\t<\/div>\n\t\t\t\t\t<\/div>\n\t\t<\/div>\n\t\t\t\t<div class=\"elementor-column elementor-col-50 elementor-top-column elementor-element elementor-element-7498d662\" data-id=\"7498d662\" data-element_type=\"column\" data-e-type=\"column\">\n\t\t\t<div class=\"elementor-widget-wrap elementor-element-populated\">\n\t\t\t\t\t\t<div class=\"elementor-element elementor-element-4c45ce0a elementor-widget elementor-widget-pix-sliding-text\" data-id=\"4c45ce0a\" data-element_type=\"widget\" data-e-type=\"widget\" data-widget_type=\"pix-sliding-text.default\">\n\t\t\t\t<div class=\"elementor-widget-container\">\n\t\t\t\t\t<div id=\"el-4c45ce0a\" class=\"mb-3 text-left \"><div class=\"d-inline-block\" style=\"max-width:800px;\"><h3 class=\"mb-32 pix-sliding-headline-2 animate-in font-weight-bold secondary-font \" data-anim-type=\"pix-sliding-text\" pix-anim-delay=\"500\" data-class=\"secondary-font text-gradient-primary\" style=\"\"><span class=\"slide-in-container \"><span class=\"pix-sliding-item secondary-font text-gradient-primary\" style=\"transition-delay: 0ms;\">LA&#32;<\/span><\/span> <span class=\"slide-in-container \"><span class=\"pix-sliding-item secondary-font text-gradient-primary\" style=\"transition-delay: 150ms;\">SAVOIE&#32;<\/span><\/span> <\/h3><\/div><\/div>\t\t\t\t<\/div>\n\t\t\t\t<\/div>\n\t\t\t\t<div class=\"elementor-element elementor-element-7e02012f elementor-invisible elementor-widget elementor-widget-pix-text\" data-id=\"7e02012f\" data-element_type=\"widget\" data-e-type=\"widget\" data-widget_type=\"pix-text.default\">\n\t\t\t\t<div class=\"elementor-widget-container\">\n\t\t\t\t\t<div class=\"pix-el-text w-100 text-left \" ><p class=\"text-18 resp-option text-body-default text-left \" ><span class=\"text-body-default animate-in d-inline-block\" data-anim-delay=\"1000\" data-anim-type=\"fade-in-up\">Un Suisse, un Milanais et un Fran\u00e7ais pass\u00e8rent, il y a plus de mille ans, le nez par-dessus les Alpes pour savoir ce qui sentait si bon. C'\u00e9tait un aubergiste qui pr\u00e9parait la traditionnelle fondue pour des voyageurs.<\/span><\/p><\/div>\t\t\t\t<\/div>\n\t\t\t\t<\/div>\n\t\t\t\t<div class=\"elementor-element elementor-element-5458cb5 elementor-invisible elementor-widget elementor-widget-pix-text\" data-id=\"5458cb5\" data-element_type=\"widget\" data-e-type=\"widget\" data-widget_type=\"pix-text.default\">\n\t\t\t\t<div class=\"elementor-widget-container\">\n\t\t\t\t\t<div class=\"pix-el-text w-100 text-left \" ><p class=\"text-18 resp-option text-body-default text-left \" ><span class=\"text-body-default animate-in d-inline-block\" data-anim-delay=\"1000\" data-anim-type=\"fade-in-up\">Ils se souvinrent alors des paroles d'un ancien qui disaient: \u00ab quand il y a \u00e0 manger pour huit, il y en a bien pour dix \u00bb. Pourtant, ils se ru\u00e8rent sur l'auberge voulant tout garder pour eux. Aussi, ils se rencontr\u00e8rent entre le Mont Blanc et l'Aiguille du Midi. L'aubergiste vit d\u00e9ferler des Suisses, des Fran\u00e7ais et des Italiens (et avant eux romains ou carthaginois), qui se disput\u00e8rent \u00e0 coups de piques durant plus de deux mille ans les hauts cols de Savoie, oubliant ce pour quoi ils \u00e9taient venus. Mais l'aubergiste, g\u00e9n\u00e9reux anc\u00eatre des fondues, raclettes, crozets et tartiflettes sortit mettre un terme \u00e0 ces querelles en invitant les anciens adversaires \u00e0 partager un peu de qui\u00e9tude autour d'une table bien garnie.<\/span><\/p><\/div>\t\t\t\t<\/div>\n\t\t\t\t<\/div>\n\t\t\t\t<div class=\"elementor-element elementor-element-9ccd2aa elementor-invisible elementor-widget elementor-widget-pix-text\" data-id=\"9ccd2aa\" data-element_type=\"widget\" data-e-type=\"widget\" data-widget_type=\"pix-text.default\">\n\t\t\t\t<div class=\"elementor-widget-container\">\n\t\t\t\t\t<div class=\"pix-el-text w-100 text-left \" ><p class=\"text-18 resp-option text-body-default text-left \" ><span class=\"text-body-default animate-in d-inline-block\" data-anim-delay=\"1000\" data-anim-type=\"fade-in-up\">Ce fut donc \u00e0 la simple table d'un chalet savoyard qu'ils sign\u00e8rent leurs trait\u00e9s, entour\u00e9s par la chaleur d'un bon feu de bois, et d\u00e9gustant enfin leurs mets tant convoit\u00e9s.\n<br>\nL'aubergiste qui n'a cure des rivalit\u00e9s, rapporte ce r\u00e9cit, cont\u00e9 pour vous aujourd'hui \u00e0 la table de Savoie.<\/span><\/p><\/div>\t\t\t\t<\/div>\n\t\t\t\t<\/div>\n\t\t\t\t<div class=\"elementor-element elementor-element-cf593ff elementor-invisible elementor-widget elementor-widget-pix-text\" data-id=\"cf593ff\" data-element_type=\"widget\" data-e-type=\"widget\" data-widget_type=\"pix-text.default\">\n\t\t\t\t<div class=\"elementor-widget-container\">\n\t\t\t\t\t<div class=\"pix-el-text w-100 text-left \" ><p class=\"text-18 resp-option text-body-default text-left \" ><span class=\"text-body-default animate-in d-inline-block\" data-anim-delay=\"1000\" data-anim-type=\"fade-in-up\">Et c'est donc naturellement dans cet esprit de partage, que l'\u00e9quipe de la Table de Savoie vous souhaite \u00e0 tous un excellent app\u00e9tit !<\/span><\/p><\/div>\t\t\t\t<\/div>\n\t\t\t\t<\/div>\n\t\t\t\t\t<\/div>\n\t\t<\/div>\n\t\t\t\t\t<\/div>\n\t\t<\/section>\n\t\t\t\t<section class=\"elementor-section elementor-top-section elementor-element elementor-element-61e0e8e elementor-section-stretched elementor-section-full_width elementor-reverse-mobile elementor-hidden-desktop elementor-hidden-mobile elementor-section-height-default elementor-section-height-default\" data-id=\"61e0e8e\" data-element_type=\"section\" data-e-type=\"section\" data-settings=\"{&quot;stretch_section&quot;:&quot;section-stretched&quot;,&quot;background_background&quot;:&quot;classic&quot;}\">\n\t\t\t\t\t\t<div class=\"elementor-container elementor-column-gap-no\">\n\t\t\t\t\t<div class=\"elementor-column elementor-col-100 elementor-top-column elementor-element elementor-element-b1478e0\" data-id=\"b1478e0\" data-element_type=\"column\" data-e-type=\"column\">\n\t\t\t<div class=\"elementor-widget-wrap elementor-element-populated\">\n\t\t\t\t\t\t<div class=\"elementor-element elementor-element-946c5dd elementor-widget elementor-widget-pix-sliding-text\" data-id=\"946c5dd\" data-element_type=\"widget\" data-e-type=\"widget\" data-widget_type=\"pix-sliding-text.default\">\n\t\t\t\t<div class=\"elementor-widget-container\">\n\t\t\t\t\t<div id=\"el-946c5dd\" class=\"mb-3 text-left \"><div class=\"d-inline-block\" style=\"max-width:800px;\"><h3 class=\"mb-32 pix-sliding-headline-2 animate-in font-weight-bold secondary-font \" data-anim-type=\"pix-sliding-text\" pix-anim-delay=\"500\" data-class=\"secondary-font text-gradient-primary\" style=\"\"><span class=\"slide-in-container \"><span class=\"pix-sliding-item secondary-font text-gradient-primary\" style=\"transition-delay: 0ms;\">LA&#32;<\/span><\/span> <span class=\"slide-in-container \"><span class=\"pix-sliding-item secondary-font text-gradient-primary\" style=\"transition-delay: 150ms;\">SAVOIE&#32;<\/span><\/span> <\/h3><\/div><\/div>\t\t\t\t<\/div>\n\t\t\t\t<\/div>\n\t\t\t\t<div class=\"elementor-element elementor-element-e56b019 elementor-invisible elementor-widget elementor-widget-pix-text\" data-id=\"e56b019\" data-element_type=\"widget\" data-e-type=\"widget\" data-widget_type=\"pix-text.default\">\n\t\t\t\t<div class=\"elementor-widget-container\">\n\t\t\t\t\t<div class=\"pix-el-text w-100 text-left \" ><p class=\"text-18 resp-option text-body-default text-left \" ><span class=\"text-body-default animate-in d-inline-block\" data-anim-delay=\"1000\" data-anim-type=\"fade-in-up\">Un Suisse, un Milanais et un Fran\u00e7ais pass\u00e8rent, il y a plus de mille ans, le nez par-dessus les Alpes pour savoir ce qui sentait si bon. C'\u00e9tait un aubergiste qui pr\u00e9parait la traditionnelle fondue pour des voyageurs.<\/span><\/p><\/div>\t\t\t\t<\/div>\n\t\t\t\t<\/div>\n\t\t\t\t<div class=\"elementor-element elementor-element-36e69d3 elementor-invisible elementor-widget elementor-widget-pix-text\" data-id=\"36e69d3\" data-element_type=\"widget\" data-e-type=\"widget\" data-widget_type=\"pix-text.default\">\n\t\t\t\t<div class=\"elementor-widget-container\">\n\t\t\t\t\t<div class=\"pix-el-text w-100 text-left \" ><p class=\"text-18 resp-option text-body-default text-left \" ><span class=\"text-body-default animate-in d-inline-block\" data-anim-delay=\"1000\" data-anim-type=\"fade-in-up\">Ils se souvinrent alors des paroles d'un ancien qui disaient: \u00ab quand il y a \u00e0 manger pour huit, il y en a bien pour dix \u00bb. Pourtant, ils se ru\u00e8rent sur l'auberge voulant tout garder pour eux. Aussi, ils se rencontr\u00e8rent entre le Mont Blanc et l'Aiguille du Midi. L'aubergiste vit d\u00e9ferler des Suisses, des Fran\u00e7ais et des Italiens (et avant eux romains ou carthaginois), qui se disput\u00e8rent \u00e0 coups de piques durant plus de deux mille ans les hauts cols de Savoie, oubliant ce pour quoi ils \u00e9taient venus. Mais l'aubergiste, g\u00e9n\u00e9reux anc\u00eatre des fondues, raclettes, crozets et tartiflettes sortit mettre un terme \u00e0 ces querelles en invitant les anciens adversaires \u00e0 partager un peu de qui\u00e9tude autour d'une table bien garnie.<\/span><\/p><\/div>\t\t\t\t<\/div>\n\t\t\t\t<\/div>\n\t\t\t\t<div class=\"elementor-element elementor-element-9bc320a elementor-invisible elementor-widget elementor-widget-pix-text\" data-id=\"9bc320a\" data-element_type=\"widget\" data-e-type=\"widget\" data-widget_type=\"pix-text.default\">\n\t\t\t\t<div class=\"elementor-widget-container\">\n\t\t\t\t\t<div class=\"pix-el-text w-100 text-left \" ><p class=\"text-18 resp-option text-body-default text-left \" ><span class=\"text-body-default animate-in d-inline-block\" data-anim-delay=\"1000\" data-anim-type=\"fade-in-up\">Ce fut donc \u00e0 la simple table d'un chalet savoyard qu'ils sign\u00e8rent leurs trait\u00e9s, entour\u00e9s par la chaleur d'un bon feu de bois, et d\u00e9gustant enfin leurs mets tant convoit\u00e9s.\n<br>\nL'aubergiste qui n'a cure des rivalit\u00e9s, rapporte ce r\u00e9cit, cont\u00e9 pour vous aujourd'hui \u00e0 la table de Savoie.<\/span><\/p><\/div>\t\t\t\t<\/div>\n\t\t\t\t<\/div>\n\t\t\t\t<div class=\"elementor-element elementor-element-c681d8a elementor-invisible elementor-widget elementor-widget-pix-text\" data-id=\"c681d8a\" data-element_type=\"widget\" data-e-type=\"widget\" data-widget_type=\"pix-text.default\">\n\t\t\t\t<div class=\"elementor-widget-container\">\n\t\t\t\t\t<div class=\"pix-el-text w-100 text-left \" ><p class=\"text-18 resp-option text-body-default text-left \" ><span class=\"text-body-default animate-in d-inline-block\" data-anim-delay=\"1000\" data-anim-type=\"fade-in-up\">Et c'est donc naturellement dans cet esprit de partage, que l'\u00e9quipe de la Table de Savoie vous souhaite \u00e0 tous un excellent app\u00e9tit !<\/span><\/p><\/div>\t\t\t\t<\/div>\n\t\t\t\t<\/div>\n\t\t\t\t\t<\/div>\n\t\t<\/div>\n\t\t\t\t\t<\/div>\n\t\t<\/section>\n\t\t\t\t<section class=\"elementor-section elementor-top-section elementor-element elementor-element-7771249 elementor-section-stretched elementor-section-full_width elementor-reverse-mobile elementor-hidden-desktop elementor-hidden-mobile elementor-section-height-default elementor-section-height-default\" data-id=\"7771249\" data-element_type=\"section\" data-e-type=\"section\" data-settings=\"{&quot;stretch_section&quot;:&quot;section-stretched&quot;,&quot;background_background&quot;:&quot;classic&quot;}\">\n\t\t\t\t\t\t<div class=\"elementor-container elementor-column-gap-no\">\n\t\t\t\t\t<div class=\"elementor-column elementor-col-100 elementor-top-column elementor-element elementor-element-77af454\" data-id=\"77af454\" data-element_type=\"column\" data-e-type=\"column\">\n\t\t\t<div class=\"elementor-widget-wrap elementor-element-populated\">\n\t\t\t\t\t\t<div class=\"elementor-element elementor-element-c7a500a elementor-invisible elementor-widget elementor-widget-pix-img\" data-id=\"c7a500a\" data-element_type=\"widget\" data-e-type=\"widget\" data-widget_type=\"pix-img.default\">\n\t\t\t\t<div class=\"elementor-widget-container\">\n\t\t\t\t\t<div class=\"pix-img-element d-inline-block \" ><div class=\"animate-in  d-inline-block\" data-anim-type=\"fade-in-left\" data-anim-delay=\"0\"><div class=\"pix-img-el    left d-inline-block  w-100 rounded-default\"  ><img loading=\"lazy\" decoding=\"async\" class=\"card-img2 pix-img-elem rounded-default  h-1002\" style=\"height:auto;\" width=\"994\" height=\"847\" srcset=\"https:\/\/latabledesavoieetbretagne.fr\/wp-content\/uploads\/2024\/02\/Restaurant-La-table-de-Savoie-La-table-de-Bretagne-LE-CONCEPT-LA-SAVOIE.jpg 994w, https:\/\/latabledesavoieetbretagne.fr\/wp-content\/uploads\/2024\/02\/Restaurant-La-table-de-Savoie-La-table-de-Bretagne-LE-CONCEPT-LA-SAVOIE-300x256.jpg 300w, https:\/\/latabledesavoieetbretagne.fr\/wp-content\/uploads\/2024\/02\/Restaurant-La-table-de-Savoie-La-table-de-Bretagne-LE-CONCEPT-LA-SAVOIE-768x654.jpg 768w\" sizes=\"(max-width: 994px) 100vw, 994px\" src=\"https:\/\/latabledesavoieetbretagne.fr\/wp-content\/uploads\/2024\/02\/Restaurant-La-table-de-Savoie-La-table-de-Bretagne-LE-CONCEPT-LA-SAVOIE.jpg\" alt=\"Image link\" \/><\/div><\/div><\/div>\t\t\t\t<\/div>\n\t\t\t\t<\/div>\n\t\t\t\t\t<\/div>\n\t\t<\/div>\n\t\t\t\t\t<\/div>\n\t\t<\/section>\n\t\t\t\t<\/div>\n\t\t","protected":false},"excerpt":{"rendered":"<p>LE CONCEPT LA TABLE Table de Savoie et Table de Bretagne Un&#32; lieu&#32; de&#32; rencontre&#32; pour&#32; deux&#32; univers&#32; La Table c&rsquo;est un cadre moderne et cosy o\u00f9 familles, amis et coll\u00e8gues sont r\u00e9unis pour partager un moment de plaisir et&#8230;<\/p>\n","protected":false},"author":1,"featured_media":0,"parent":0,"menu_order":0,"comment_status":"closed","ping_status":"closed","template":"","meta":{"footnotes":""},"class_list":["post-13449","page","type-page","status-publish","hentry"],"yoast_head":"<!-- This site is optimized with the Yoast SEO plugin v27.3 - https:\/\/yoast.com\/product\/yoast-seo-wordpress\/ -->\n<title>Le Concept la table de savoie et de bretagne - Restaurant La Table<\/title>\n<meta name=\"robots\" content=\"index, follow, max-snippet:-1, max-image-preview:large, max-video-preview:-1\" \/>\n<link rel=\"canonical\" href=\"https:\/\/latabledesavoieetbretagne.fr\/index.php\/le-concept-la-table-de-savoie-et-de-bretagne\/\" \/>\n<meta property=\"og:locale\" content=\"fr_FR\" \/>\n<meta property=\"og:type\" content=\"article\" \/>\n<meta property=\"og:title\" content=\"Le Concept la table de savoie et de bretagne - Restaurant La Table\" \/>\n<meta property=\"og:description\" content=\"LE CONCEPT LA TABLE Table de Savoie et Table de Bretagne Un&#032; lieu&#032; de&#032; rencontre&#032; pour&#032; deux&#032; univers&#032; La Table c&rsquo;est un cadre moderne et cosy o\u00f9 familles, amis et coll\u00e8gues sont r\u00e9unis pour partager un moment de plaisir et...\" \/>\n<meta property=\"og:url\" content=\"https:\/\/latabledesavoieetbretagne.fr\/index.php\/le-concept-la-table-de-savoie-et-de-bretagne\/\" \/>\n<meta property=\"og:site_name\" content=\"Restaurant La Table\" \/>\n<meta property=\"article:publisher\" content=\"https:\/\/www.facebook.com\/people\/La-Table-de-Savoie-la-Table-de-Bretagne\/100057686790747\/\" \/>\n<meta property=\"article:modified_time\" content=\"2025-10-16T09:13:56+00:00\" \/>\n<meta property=\"og:image\" content=\"https:\/\/latabledesavoieetbretagne.fr\/wp-content\/uploads\/2024\/04\/Restaurant-La-table-de-Savoie-La-table-de-Bretagne-photo-new-amabance-1-.jpg\" \/>\n<meta name=\"twitter:card\" content=\"summary_large_image\" \/>\n<meta name=\"twitter:label1\" content=\"Dur\u00e9e de lecture estim\u00e9e\" \/>\n\t<meta name=\"twitter:data1\" content=\"10 minutes\" \/>\n<script type=\"application\/ld+json\" class=\"yoast-schema-graph\">{\"@context\":\"https:\\\/\\\/schema.org\",\"@graph\":[{\"@type\":\"WebPage\",\"@id\":\"https:\\\/\\\/latabledesavoieetbretagne.fr\\\/index.php\\\/le-concept-la-table-de-savoie-et-de-bretagne\\\/\",\"url\":\"https:\\\/\\\/latabledesavoieetbretagne.fr\\\/index.php\\\/le-concept-la-table-de-savoie-et-de-bretagne\\\/\",\"name\":\"Le Concept la table de savoie et de bretagne - Restaurant La Table\",\"isPartOf\":{\"@id\":\"https:\\\/\\\/latabledesavoieetbretagne.fr\\\/#website\"},\"primaryImageOfPage\":{\"@id\":\"https:\\\/\\\/latabledesavoieetbretagne.fr\\\/index.php\\\/le-concept-la-table-de-savoie-et-de-bretagne\\\/#primaryimage\"},\"image\":{\"@id\":\"https:\\\/\\\/latabledesavoieetbretagne.fr\\\/index.php\\\/le-concept-la-table-de-savoie-et-de-bretagne\\\/#primaryimage\"},\"thumbnailUrl\":\"https:\\\/\\\/latabledesavoieetbretagne.fr\\\/wp-content\\\/uploads\\\/2024\\\/04\\\/Restaurant-La-table-de-Savoie-La-table-de-Bretagne-photo-new-amabance-1-.jpg\",\"datePublished\":\"2024-02-10T13:57:11+00:00\",\"dateModified\":\"2025-10-16T09:13:56+00:00\",\"breadcrumb\":{\"@id\":\"https:\\\/\\\/latabledesavoieetbretagne.fr\\\/index.php\\\/le-concept-la-table-de-savoie-et-de-bretagne\\\/#breadcrumb\"},\"inLanguage\":\"fr-FR\",\"potentialAction\":[{\"@type\":\"ReadAction\",\"target\":[\"https:\\\/\\\/latabledesavoieetbretagne.fr\\\/index.php\\\/le-concept-la-table-de-savoie-et-de-bretagne\\\/\"]}]},{\"@type\":\"ImageObject\",\"inLanguage\":\"fr-FR\",\"@id\":\"https:\\\/\\\/latabledesavoieetbretagne.fr\\\/index.php\\\/le-concept-la-table-de-savoie-et-de-bretagne\\\/#primaryimage\",\"url\":\"https:\\\/\\\/latabledesavoieetbretagne.fr\\\/wp-content\\\/uploads\\\/2024\\\/04\\\/Restaurant-La-table-de-Savoie-La-table-de-Bretagne-photo-new-amabance-1-.jpg\",\"contentUrl\":\"https:\\\/\\\/latabledesavoieetbretagne.fr\\\/wp-content\\\/uploads\\\/2024\\\/04\\\/Restaurant-La-table-de-Savoie-La-table-de-Bretagne-photo-new-amabance-1-.jpg\",\"width\":506,\"height\":314},{\"@type\":\"BreadcrumbList\",\"@id\":\"https:\\\/\\\/latabledesavoieetbretagne.fr\\\/index.php\\\/le-concept-la-table-de-savoie-et-de-bretagne\\\/#breadcrumb\",\"itemListElement\":[{\"@type\":\"ListItem\",\"position\":1,\"name\":\"Accueil\",\"item\":\"https:\\\/\\\/latabledesavoieetbretagne.fr\\\/\"},{\"@type\":\"ListItem\",\"position\":2,\"name\":\"Le Concept la table de savoie et de bretagne\"}]},{\"@type\":\"WebSite\",\"@id\":\"https:\\\/\\\/latabledesavoieetbretagne.fr\\\/#website\",\"url\":\"https:\\\/\\\/latabledesavoieetbretagne.fr\\\/\",\"name\":\"La table de Savoie et Bretagne\",\"description\":\"Des saveurs typiques de Savoie et de Bretagne\",\"publisher\":{\"@id\":\"https:\\\/\\\/latabledesavoieetbretagne.fr\\\/#organization\"},\"alternateName\":\"Restaurant La table de Savoie et Bretagne\",\"potentialAction\":[{\"@type\":\"SearchAction\",\"target\":{\"@type\":\"EntryPoint\",\"urlTemplate\":\"https:\\\/\\\/latabledesavoieetbretagne.fr\\\/?s={search_term_string}\"},\"query-input\":{\"@type\":\"PropertyValueSpecification\",\"valueRequired\":true,\"valueName\":\"search_term_string\"}}],\"inLanguage\":\"fr-FR\"},{\"@type\":\"Organization\",\"@id\":\"https:\\\/\\\/latabledesavoieetbretagne.fr\\\/#organization\",\"name\":\"La table de Savoie et Bretagne\",\"alternateName\":\"Restaurant La table de Savoie et La table de Bretagne\",\"url\":\"https:\\\/\\\/latabledesavoieetbretagne.fr\\\/\",\"logo\":{\"@type\":\"ImageObject\",\"inLanguage\":\"fr-FR\",\"@id\":\"https:\\\/\\\/latabledesavoieetbretagne.fr\\\/#\\\/schema\\\/logo\\\/image\\\/\",\"url\":\"http:\\\/\\\/rfaskrl.cluster030.hosting.ovh.net\\\/wp-content\\\/uploads\\\/2024\\\/02\\\/Restaurant-La-table-de-Savoie-et-Bretagne-logo.jpg\",\"contentUrl\":\"http:\\\/\\\/rfaskrl.cluster030.hosting.ovh.net\\\/wp-content\\\/uploads\\\/2024\\\/02\\\/Restaurant-La-table-de-Savoie-et-Bretagne-logo.jpg\",\"width\":451,\"height\":100,\"caption\":\"La table de Savoie et Bretagne\"},\"image\":{\"@id\":\"https:\\\/\\\/latabledesavoieetbretagne.fr\\\/#\\\/schema\\\/logo\\\/image\\\/\"},\"sameAs\":[\"https:\\\/\\\/www.facebook.com\\\/people\\\/La-Table-de-Savoie-la-Table-de-Bretagne\\\/100057686790747\\\/\",\"https:\\\/\\\/www.tripadvisor.fr\\\/Restaurant_Review-g229456-d3525160-Reviews-Table_de_Savoie_et_Table_de_Bretagne_et-Montigny_le_Bretonneux_Saint_Quentin_en_Y.html\"]}]}<\/script>\n<!-- \/ Yoast SEO plugin. -->","yoast_head_json":{"title":"Le Concept la table de savoie et de bretagne - Restaurant La Table","robots":{"index":"index","follow":"follow","max-snippet":"max-snippet:-1","max-image-preview":"max-image-preview:large","max-video-preview":"max-video-preview:-1"},"canonical":"https:\/\/latabledesavoieetbretagne.fr\/index.php\/le-concept-la-table-de-savoie-et-de-bretagne\/","og_locale":"fr_FR","og_type":"article","og_title":"Le Concept la table de savoie et de bretagne - Restaurant La Table","og_description":"LE CONCEPT LA TABLE Table de Savoie et Table de Bretagne Un&#32; lieu&#32; de&#32; rencontre&#32; pour&#32; deux&#32; univers&#32; La Table c&rsquo;est un cadre moderne et cosy o\u00f9 familles, amis et coll\u00e8gues sont r\u00e9unis pour partager un moment de plaisir et...","og_url":"https:\/\/latabledesavoieetbretagne.fr\/index.php\/le-concept-la-table-de-savoie-et-de-bretagne\/","og_site_name":"Restaurant La Table","article_publisher":"https:\/\/www.facebook.com\/people\/La-Table-de-Savoie-la-Table-de-Bretagne\/100057686790747\/","article_modified_time":"2025-10-16T09:13:56+00:00","og_image":[{"url":"https:\/\/latabledesavoieetbretagne.fr\/wp-content\/uploads\/2024\/04\/Restaurant-La-table-de-Savoie-La-table-de-Bretagne-photo-new-amabance-1-.jpg","type":"","width":"","height":""}],"twitter_card":"summary_large_image","twitter_misc":{"Dur\u00e9e de lecture estim\u00e9e":"10 minutes"},"schema":{"@context":"https:\/\/schema.org","@graph":[{"@type":"WebPage","@id":"https:\/\/latabledesavoieetbretagne.fr\/index.php\/le-concept-la-table-de-savoie-et-de-bretagne\/","url":"https:\/\/latabledesavoieetbretagne.fr\/index.php\/le-concept-la-table-de-savoie-et-de-bretagne\/","name":"Le Concept la table de savoie et de bretagne - Restaurant La Table","isPartOf":{"@id":"https:\/\/latabledesavoieetbretagne.fr\/#website"},"primaryImageOfPage":{"@id":"https:\/\/latabledesavoieetbretagne.fr\/index.php\/le-concept-la-table-de-savoie-et-de-bretagne\/#primaryimage"},"image":{"@id":"https:\/\/latabledesavoieetbretagne.fr\/index.php\/le-concept-la-table-de-savoie-et-de-bretagne\/#primaryimage"},"thumbnailUrl":"https:\/\/latabledesavoieetbretagne.fr\/wp-content\/uploads\/2024\/04\/Restaurant-La-table-de-Savoie-La-table-de-Bretagne-photo-new-amabance-1-.jpg","datePublished":"2024-02-10T13:57:11+00:00","dateModified":"2025-10-16T09:13:56+00:00","breadcrumb":{"@id":"https:\/\/latabledesavoieetbretagne.fr\/index.php\/le-concept-la-table-de-savoie-et-de-bretagne\/#breadcrumb"},"inLanguage":"fr-FR","potentialAction":[{"@type":"ReadAction","target":["https:\/\/latabledesavoieetbretagne.fr\/index.php\/le-concept-la-table-de-savoie-et-de-bretagne\/"]}]},{"@type":"ImageObject","inLanguage":"fr-FR","@id":"https:\/\/latabledesavoieetbretagne.fr\/index.php\/le-concept-la-table-de-savoie-et-de-bretagne\/#primaryimage","url":"https:\/\/latabledesavoieetbretagne.fr\/wp-content\/uploads\/2024\/04\/Restaurant-La-table-de-Savoie-La-table-de-Bretagne-photo-new-amabance-1-.jpg","contentUrl":"https:\/\/latabledesavoieetbretagne.fr\/wp-content\/uploads\/2024\/04\/Restaurant-La-table-de-Savoie-La-table-de-Bretagne-photo-new-amabance-1-.jpg","width":506,"height":314},{"@type":"BreadcrumbList","@id":"https:\/\/latabledesavoieetbretagne.fr\/index.php\/le-concept-la-table-de-savoie-et-de-bretagne\/#breadcrumb","itemListElement":[{"@type":"ListItem","position":1,"name":"Accueil","item":"https:\/\/latabledesavoieetbretagne.fr\/"},{"@type":"ListItem","position":2,"name":"Le Concept la table de savoie et de bretagne"}]},{"@type":"WebSite","@id":"https:\/\/latabledesavoieetbretagne.fr\/#website","url":"https:\/\/latabledesavoieetbretagne.fr\/","name":"La table de Savoie et Bretagne","description":"Des saveurs typiques de Savoie et de Bretagne","publisher":{"@id":"https:\/\/latabledesavoieetbretagne.fr\/#organization"},"alternateName":"Restaurant La table de Savoie et Bretagne","potentialAction":[{"@type":"SearchAction","target":{"@type":"EntryPoint","urlTemplate":"https:\/\/latabledesavoieetbretagne.fr\/?s={search_term_string}"},"query-input":{"@type":"PropertyValueSpecification","valueRequired":true,"valueName":"search_term_string"}}],"inLanguage":"fr-FR"},{"@type":"Organization","@id":"https:\/\/latabledesavoieetbretagne.fr\/#organization","name":"La table de Savoie et Bretagne","alternateName":"Restaurant La table de Savoie et La table de Bretagne","url":"https:\/\/latabledesavoieetbretagne.fr\/","logo":{"@type":"ImageObject","inLanguage":"fr-FR","@id":"https:\/\/latabledesavoieetbretagne.fr\/#\/schema\/logo\/image\/","url":"http:\/\/rfaskrl.cluster030.hosting.ovh.net\/wp-content\/uploads\/2024\/02\/Restaurant-La-table-de-Savoie-et-Bretagne-logo.jpg","contentUrl":"http:\/\/rfaskrl.cluster030.hosting.ovh.net\/wp-content\/uploads\/2024\/02\/Restaurant-La-table-de-Savoie-et-Bretagne-logo.jpg","width":451,"height":100,"caption":"La table de Savoie et Bretagne"},"image":{"@id":"https:\/\/latabledesavoieetbretagne.fr\/#\/schema\/logo\/image\/"},"sameAs":["https:\/\/www.facebook.com\/people\/La-Table-de-Savoie-la-Table-de-Bretagne\/100057686790747\/","https:\/\/www.tripadvisor.fr\/Restaurant_Review-g229456-d3525160-Reviews-Table_de_Savoie_et_Table_de_Bretagne_et-Montigny_le_Bretonneux_Saint_Quentin_en_Y.html"]}]}},"_links":{"self":[{"href":"https:\/\/latabledesavoieetbretagne.fr\/index.php\/wp-json\/wp\/v2\/pages\/13449","targetHints":{"allow":["GET"]}}],"collection":[{"href":"https:\/\/latabledesavoieetbretagne.fr\/index.php\/wp-json\/wp\/v2\/pages"}],"about":[{"href":"https:\/\/latabledesavoieetbretagne.fr\/index.php\/wp-json\/wp\/v2\/types\/page"}],"author":[{"embeddable":true,"href":"https:\/\/latabledesavoieetbretagne.fr\/index.php\/wp-json\/wp\/v2\/users\/1"}],"replies":[{"embeddable":true,"href":"https:\/\/latabledesavoieetbretagne.fr\/index.php\/wp-json\/wp\/v2\/comments?post=13449"}],"version-history":[{"count":70,"href":"https:\/\/latabledesavoieetbretagne.fr\/index.php\/wp-json\/wp\/v2\/pages\/13449\/revisions"}],"predecessor-version":[{"id":14134,"href":"https:\/\/latabledesavoieetbretagne.fr\/index.php\/wp-json\/wp\/v2\/pages\/13449\/revisions\/14134"}],"wp:attachment":[{"href":"https:\/\/latabledesavoieetbretagne.fr\/index.php\/wp-json\/wp\/v2\/media?parent=13449"}],"curies":[{"name":"wp","href":"https:\/\/api.w.org\/{rel}","templated":true}]}}